{"id":5679,"date":"2026-04-16T10:54:24","date_gmt":"2026-04-16T08:54:24","guid":{"rendered":"https:\/\/www.fotografiaeuropea.it\/archivio\/?post_type=avada_portfolio&#038;p=5679"},"modified":"2026-04-16T10:58:22","modified_gmt":"2026-04-16T08:58:22","slug":"florence-paradeis","status":"publish","type":"avada_portfolio","link":"https:\/\/www.fotografiaeuropea.it\/archivio\/mostre\/florence-paradeis\/","title":{"rendered":"Martin Parr"},"content":{"rendered":"<div class=\"fusion-fullwidth fullwidth-box fusion-builder-row-1 fusion-flex-container has-pattern-background has-mask-background hundred-percent-fullwidth non-hundred-percent-height-scrolling fusion-animated\" style=\"--awb-border-radius-top-left:0px;--awb-border-radius-top-right:0px;--awb-border-radius-bottom-right:0px;--awb-border-radius-bottom-left:0px;--awb-padding-top:0px;--awb-padding-left:0px;--awb-padding-top-medium:0%;--awb-padding-right-medium:0px;--awb-padding-bottom-medium:0%;--awb-background-color:var(--awb-color1);--awb-flex-wrap:wrap;\" data-animationType=\"fadeIn\" data-animationDuration=\"0.4\" data-animationDelay=\"0.2\" data-animationOffset=\"top-into-view\" ><div class=\"fusion-builder-row fusion-row fusion-flex-align-items-stretch fusion-flex-justify-content-center fusion-flex-content-wrap\" style=\"width:104% !important;max-width:104% !important;margin-left: calc(-4% \/ 2 );margin-right: calc(-4% \/ 2 );\"><div class=\"fusion-layout-column fusion_builder_column fusion-builder-column-0 fusion_builder_column_1_1 1_1 fusion-flex-column\" style=\"--awb-bg-size:cover;--awb-width-large:100%;--awb-margin-top-large:0px;--awb-spacing-right-large:1.92%;--awb-margin-bottom-large:20px;--awb-spacing-left-large:1.92%;--awb-width-medium:100%;--awb-order-medium:0;--awb-spacing-right-medium:1.92%;--awb-spacing-left-medium:1.92%;--awb-width-small:100%;--awb-order-small:0;--awb-spacing-right-small:1.92%;--awb-spacing-left-small:1.92%;\"><div class=\"fusion-column-wrapper fusion-column-has-shadow fusion-flex-justify-content-flex-start fusion-content-layout-column\"><div class=\"awb-gallery-wrapper awb-gallery-wrapper-1 button-span-no\" style=\"--more-btn-alignment:center;margin-bottom:2.5rem;\"><div style=\"margin:-5px;--awb-aspect-ratio:1 \/ 1;--awb-bordersize:0px;--awb-caption-title-size:var(--awb-typography5-font-size);--awb-caption-title-transform:var(--awb-typography5-text-transform);--awb-caption-title-line-height:var(--awb-typography5-line-height);--awb-caption-title-letter-spacing:var(--awb-typography5-letter-spacing);--awb-caption-text-size:12px;--awb-caption-text-transform:uppercase;--awb-caption-text-line-height:1.35;--awb-caption-text-letter-spacing:0.08em;--awb-caption-overlay-color:var(--awb-color8);--awb-caption-background-color:var(--awb-custom_color_2);--awb-caption-margin-top:1rem;--awb-caption-margin-bottom:1rem;--awb-caption-title-font-family:var(--awb-typography5-font-family);--awb-caption-title-font-weight:var(--awb-typography5-font-weight);--awb-caption-title-font-style:var(--awb-typography5-font-style);--awb-caption-text-font-family:&quot;Shentox Bold&quot;;--awb-caption-text-font-style:normal;--awb-caption-text-font-weight:400;--awb-columns-medium:33.3333%;\" class=\"fusion-gallery fusion-gallery-container fusion-grid-3 fusion-columns-total-3 fusion-gallery-layout-grid fusion-gallery-1 has-aspect-ratio\"><div style=\"padding:5px;\" class=\"fusion-grid-column fusion-gallery-column fusion-gallery-column-3 hover-type-zoomin awb-imageframe-style awb-imageframe-style-below awb-imageframe-style-1\"><div class=\"fusion-gallery-image\"><a href=\"https:\/\/www.fotografiaeuropea.it\/archivio\/wp-content\/uploads\/sites\/2\/2026\/04\/20060323210126.jpg\" data-title=\"20060323210126\" title=\"20060323210126\" rel=\"noreferrer\" data-rel=\"iLightbox[gallery_image_1]\" class=\"fusion-lightbox\" target=\"_self\"><img decoding=\"async\" src=\"https:\/\/www.fotografiaeuropea.it\/archivio\/wp-content\/uploads\/sites\/2\/2026\/04\/20060323210126.jpg\" data-orig-src=\"https:\/\/www.fotografiaeuropea.it\/archivio\/wp-content\/uploads\/sites\/2\/2026\/04\/20060323210126.jpg\" width=\"380\" height=\"545\" alt=\"\" title=\"20060323210126\" aria-label=\"20060323210126\" class=\"lazyload img-responsive wp-image-5687\" srcset=\"data:image\/svg+xml,%3Csvg%20xmlns%3D%27http%3A%2F%2Fwww.w3.org%2F2000%2Fsvg%27%20width%3D%27380%27%20height%3D%27545%27%20viewBox%3D%270%200%20380%20545%27%3E%3Crect%20width%3D%27380%27%20height%3D%27545%27%20fill-opacity%3D%220%22%2F%3E%3C%2Fsvg%3E\" data-srcset=\"https:\/\/www.fotografiaeuropea.it\/archivio\/wp-content\/uploads\/sites\/2\/2026\/04\/20060323210126-200x287.jpg 200w, https:\/\/www.fotografiaeuropea.it\/archivio\/wp-content\/uploads\/sites\/2\/2026\/04\/20060323210126.jpg 380w\" data-sizes=\"auto\" data-orig-sizes=\"(min-width: 2200px) 100vw, (min-width: 784px) 397px, (min-width: 712px) 595px, (min-width: 640px) 712px, \" \/><\/a><\/div><div class=\"awb-imageframe-caption-container\"><div class=\"awb-imageframe-caption\"><div class=\"awb-imageframe-caption-title\">20060323210126<\/div><\/div><\/div><\/div><div style=\"padding:5px;\" class=\"fusion-grid-column fusion-gallery-column fusion-gallery-column-3 hover-type-zoomin awb-imageframe-style awb-imageframe-style-below awb-imageframe-style-1\"><div class=\"fusion-gallery-image\"><a href=\"https:\/\/www.fotografiaeuropea.it\/archivio\/wp-content\/uploads\/sites\/2\/2026\/04\/20060323210102.jpg\" data-title=\"20060323210102\" title=\"20060323210102\" rel=\"noreferrer\" data-rel=\"iLightbox[gallery_image_1]\" class=\"fusion-lightbox\" target=\"_self\"><img decoding=\"async\" src=\"https:\/\/www.fotografiaeuropea.it\/archivio\/wp-content\/uploads\/sites\/2\/2026\/04\/20060323210102.jpg\" data-orig-src=\"https:\/\/www.fotografiaeuropea.it\/archivio\/wp-content\/uploads\/sites\/2\/2026\/04\/20060323210102.jpg\" width=\"380\" height=\"547\" alt=\"\" title=\"20060323210102\" aria-label=\"20060323210102\" class=\"lazyload img-responsive wp-image-5688\" srcset=\"data:image\/svg+xml,%3Csvg%20xmlns%3D%27http%3A%2F%2Fwww.w3.org%2F2000%2Fsvg%27%20width%3D%27380%27%20height%3D%27547%27%20viewBox%3D%270%200%20380%20547%27%3E%3Crect%20width%3D%27380%27%20height%3D%27547%27%20fill-opacity%3D%220%22%2F%3E%3C%2Fsvg%3E\" data-srcset=\"https:\/\/www.fotografiaeuropea.it\/archivio\/wp-content\/uploads\/sites\/2\/2026\/04\/20060323210102-200x288.jpg 200w, https:\/\/www.fotografiaeuropea.it\/archivio\/wp-content\/uploads\/sites\/2\/2026\/04\/20060323210102.jpg 380w\" data-sizes=\"auto\" data-orig-sizes=\"(min-width: 2200px) 100vw, (min-width: 784px) 397px, (min-width: 712px) 595px, (min-width: 640px) 712px, \" \/><\/a><\/div><div class=\"awb-imageframe-caption-container\"><div class=\"awb-imageframe-caption\"><div class=\"awb-imageframe-caption-title\">20060323210102<\/div><\/div><\/div><\/div><div style=\"padding:5px;\" class=\"fusion-grid-column fusion-gallery-column fusion-gallery-column-3 hover-type-zoomin awb-imageframe-style awb-imageframe-style-below awb-imageframe-style-1\"><div class=\"fusion-gallery-image\"><a href=\"https:\/\/www.fotografiaeuropea.it\/archivio\/wp-content\/uploads\/sites\/2\/2026\/04\/20060323210339.jpg\" data-title=\"20060323210339\" title=\"20060323210339\" rel=\"noreferrer\" data-rel=\"iLightbox[gallery_image_1]\" class=\"fusion-lightbox\" target=\"_self\"><img decoding=\"async\" src=\"https:\/\/www.fotografiaeuropea.it\/archivio\/wp-content\/uploads\/sites\/2\/2026\/04\/20060323210339.jpg\" data-orig-src=\"https:\/\/www.fotografiaeuropea.it\/archivio\/wp-content\/uploads\/sites\/2\/2026\/04\/20060323210339.jpg\" width=\"575\" height=\"400\" alt=\"\" title=\"20060323210339\" aria-label=\"20060323210339\" class=\"lazyload img-responsive wp-image-5689\" srcset=\"data:image\/svg+xml,%3Csvg%20xmlns%3D%27http%3A%2F%2Fwww.w3.org%2F2000%2Fsvg%27%20width%3D%27575%27%20height%3D%27400%27%20viewBox%3D%270%200%20575%20400%27%3E%3Crect%20width%3D%27575%27%20height%3D%27400%27%20fill-opacity%3D%220%22%2F%3E%3C%2Fsvg%3E\" data-srcset=\"https:\/\/www.fotografiaeuropea.it\/archivio\/wp-content\/uploads\/sites\/2\/2026\/04\/20060323210339-200x139.jpg 200w, https:\/\/www.fotografiaeuropea.it\/archivio\/wp-content\/uploads\/sites\/2\/2026\/04\/20060323210339-400x278.jpg 400w, https:\/\/www.fotografiaeuropea.it\/archivio\/wp-content\/uploads\/sites\/2\/2026\/04\/20060323210339.jpg 575w\" data-sizes=\"auto\" data-orig-sizes=\"(min-width: 2200px) 100vw, (min-width: 784px) 397px, (min-width: 712px) 595px, (min-width: 640px) 712px, \" \/><\/a><\/div><div class=\"awb-imageframe-caption-container\"><div class=\"awb-imageframe-caption\"><div class=\"awb-imageframe-caption-title\">20060323210339<\/div><\/div><\/div><\/div><div class=\"clearfix\"><\/div><\/div><\/div><\/div><\/div><div class=\"fusion-layout-column fusion_builder_column fusion-builder-column-1 fusion_builder_column_3_4 3_4 fusion-flex-column fusion-flex-align-self-flex-start\" style=\"--awb-bg-color:rgba(255,255,255,0);--awb-bg-color-hover:rgba(255,255,255,0);--awb-bg-size:cover;--awb-width-large:75%;--awb-margin-top-large:0px;--awb-spacing-right-large:2.56%;--awb-margin-bottom-large:0px;--awb-spacing-left-large:2.56%;--awb-width-medium:75%;--awb-order-medium:0;--awb-spacing-right-medium:2.56%;--awb-margin-bottom-medium:0px;--awb-spacing-left-medium:2.56%;--awb-width-small:100%;--awb-order-small:0;--awb-spacing-right-small:1.92%;--awb-spacing-left-small:1.92%;\" data-scroll-devices=\"small-visibility,medium-visibility,large-visibility\"><div class=\"fusion-column-wrapper fusion-column-has-shadow fusion-flex-justify-content-space-between fusion-content-layout-column\"><div class=\"fusion-text fusion-text-1 fusion-text-no-margin\" style=\"--awb-margin-bottom:1rem;\"><h2>Italy. Reggio Emilia<\/h2>\n<\/div><div class=\"fusion-text fusion-text-2\"><p>Il mio progetto per la Settimana della Fotografia Europea sar\u00e0 presentato in un montaggio d&#8217;immagini che ho scattato, nei bar e alle persone in strada, al cibo, ai negozi, al carnevale.<br \/>\nIl filo conduttore di questo progetto \u00e8 incentrato sulla raccolta di alcuni elementi che ritengo rappresentativi in particolare di Reggio Emilia e in generale dell&#8217;Italia, e ne far\u00f2 appunto un montaggio, un collage.<br \/>\nReggio Emilia mi sembra la tipica cittadina italiana, con un centro storico molto definito, un elemento che trovi in qualsiasi citt\u00e0 di questo paese e che \u00e8 un segno distintivo dell&#8217;Italia.<br \/>\nReggio Emilia \u00e8 una citt\u00e0 piacevole, le persone sono molto aperte, il cibo \u00e8 buono&#8230; che cosa puoi desiderare di pi\u00f9?<br \/>\nIl tempo \u00e8 stato terribile durante il mio soggiorno, ma questo mi ha fatto sentire a casa perch\u00e9 \u00e8 molto inglese. E&#8217; piovuto sempre, e l&#8217;unico giorno di sole \u00e8 stato quello in cui ho fotografato il carnevale; nonostante tutto sono stato fortunato. Qui a Reggio Emilia ho trovato esattamente ci\u00f2 che mi aspettavo, anche se non ero mai stato in questa citt\u00e0 anche se sono stato in Italia parecchie volte e ho scattato molte fotografie in questo paese. L&#8217;Italia \u00e8 un posto molto stylish; le persone, infatti, vestono in modo elegante. E&#8217; quasi troppo bello qui&#8230; ecco, Reggio Emilia \u00e8 forse troppo bella!!<br \/>\nOra, mentre parliamo, siamo in questo meraviglioso bar, con del fantastico cibo e ottimo caff\u00e8: \u00e8 davvero un tipico luogo italiano, non solo reggiano. L&#8217;unico mistero, per me, dei bar italiani \u00e8 il prendere il caff\u00e8 stando in piedi. Quando cammini tutto il giorno, hai anche voglia di sederti un poco, no? Cosa che gli italiani non fanno mai. In ogni modo, qui non c&#8217;\u00e8 una maggiorazione della consumazione se ti siedi, non \u00e8 come a Venezia, dove un caff\u00e8, se lo consumi a sedere, lo paghi il triplo.<br \/>\nQuesto dimostra che Reggio Emilia non \u00e8 propriamente una citt\u00e0 turistica, ma anche qui, come nel resto delle citt\u00e0 del mondo, il bar \u00e8 prima di tutto un luogo d&#8217;incontro, un valore sociale. E&#8217; questo il senso che dar\u00f2 al mio lavoro nel progetto della SFE.<br \/>\nInoltre non sapevo, finch\u00e8 non sono arrivato a Reggio Emilia, che Ghirri \u00e8 nato qui; conosco la sua opera Ghirri e penso sia un ottimo fotografo che ha contribuito molto alla fotografia internazionale. Sono stato molto contento di scoprirlo e di trovare una relazione tra il suo lavoro, questo progetto e questa citt\u00e0<\/p>\n<\/div><div class=\"accordian fusion-accordian\" style=\"--awb-border-size:0px;--awb-icon-size:22px;--awb-content-font-size:var(--awb-typography4-font-size);--awb-content-letter-spacing:var(--awb-typography4-letter-spacing);--awb-content-text-transform:var(--awb-typography4-text-transform);--awb-content-line-height:var(--awb-typography4-line-height);--awb-icon-alignment:left;--awb-hover-color:var(--awb-color2);--awb-border-color:var(--awb-color8);--awb-background-color:var(--awb-color2);--awb-divider-color:var(--awb-color5);--awb-divider-hover-color:var(--awb-custom_color_2);--awb-icon-color:var(--awb-color1);--awb-title-color:var(--awb-color8);--awb-content-color:var(--awb-color8);--awb-icon-box-color:var(--awb-color8);--awb-toggle-hover-accent-color:var(--awb-custom_color_2);--awb-toggle-active-accent-color:var(--awb-custom_color_2);--awb-title-font-family:&quot;Shentox Bold&quot;;--awb-title-font-weight:400;--awb-title-font-style:normal;--awb-title-font-size:22px;--awb-title-letter-spacing:0.08rem;--awb-title-line-height:1.35;--awb-content-font-family:var(--awb-typography4-font-family);--awb-content-font-weight:var(--awb-typography4-font-weight);--awb-content-font-style:var(--awb-typography4-font-style);\"><div class=\"panel-group fusion-toggle-icon-boxed\" id=\"accordion-5679-1\"><div class=\"fusion-panel panel-default panel-acdc900af34589af2 fusion-toggle-no-divider fusion-toggle-boxed-mode\" style=\"--awb-title-color:var(--awb-color8);--awb-content-color:var(--awb-color8);\"><div class=\"panel-heading\"><h2 class=\"panel-title toggle\" id=\"toggle_acdc900af34589af2\"><a aria-expanded=\"false\" aria-controls=\"acdc900af34589af2\" role=\"button\" data-toggle=\"collapse\" data-parent=\"#accordion-5679-1\" data-target=\"#acdc900af34589af2\" href=\"#acdc900af34589af2\"><span class=\"fusion-toggle-icon-wrapper\" aria-hidden=\"true\"><i class=\"fa-fusion-box active-icon awb-icon-minus\" aria-hidden=\"true\"><\/i><i class=\"fa-fusion-box inactive-icon awb-icon-plus\" aria-hidden=\"true\"><\/i><\/span><span class=\"fusion-toggle-heading\">Biografia<\/span><\/a><\/h2><\/div><div id=\"acdc900af34589af2\" class=\"panel-collapse collapse \" aria-labelledby=\"toggle_acdc900af34589af2\"><div class=\"panel-body toggle-content fusion-clearfix\">\n<p>Martin Parr \u00e8 nato a Epsom, Surrey, UK, nel 1952.<\/p>\n<\/div><\/div><\/div><\/div><\/div><\/div><\/div><div class=\"fusion-layout-column fusion_builder_column fusion-builder-column-2 fusion_builder_column_1_4 1_4 fusion-flex-column\" style=\"--awb-bg-size:cover;--awb-width-large:25%;--awb-margin-top-large:0px;--awb-spacing-right-large:7.68%;--awb-margin-bottom-large:20px;--awb-spacing-left-large:7.68%;--awb-width-medium:25%;--awb-order-medium:0;--awb-spacing-right-medium:7.68%;--awb-spacing-left-medium:7.68%;--awb-width-small:100%;--awb-order-small:0;--awb-spacing-right-small:1.92%;--awb-spacing-left-small:1.92%;\"><div class=\"fusion-column-wrapper fusion-column-has-shadow fusion-flex-justify-content-flex-start fusion-content-layout-column\"><div ><a class=\"fusion-button button-flat fusion-button-default-size button-custom fusion-button-default button-1 fusion-button-span-yes fusion-button-span-default-medium fusion-button-default-type\" style=\"--awb-margin-bottom:2rem;--button_accent_color:var(--awb-color1);--button_border_color:var(--awb-custom_color_2);--button_accent_hover_color:var(--awb-color1);--button_border_hover_color:var(--awb-color8);--button_gradient_top_color:var(--awb-custom_color_2);--button_gradient_bottom_color:var(--awb-custom_color_2);--button_gradient_top_color_hover:var(--awb-color8);--button_gradient_bottom_color_hover:var(--awb-color8);\" target=\"_self\" data-hover=\"icon_slide\" href=\"https:\/\/www.fotografiaeuropea.it\/archivio\/archivio-edizioni-di-fotografia-europea\/fotografia-europea-2006\"><span class=\"fusion-button-text awb-button__text awb-button__text--default\">Edizione 2006<\/span><i class=\"icon-dance-arrow awb-button__icon awb-button__icon--default button-icon-right\" aria-hidden=\"true\"><\/i><\/a><\/div><div class=\"fusion-text fusion-text-3\"><h3>Sede<\/h3>\n<p>Palazzo Busetti<br \/>\npiazza del Monte 6<\/p>\n<\/div><\/div><\/div><\/div><\/div>\n","protected":false},"excerpt":{"rendered":"","protected":false},"author":1,"featured_media":5687,"menu_order":0,"comment_status":"closed","ping_status":"closed","template":"","format":"standard","meta":{"footnotes":""},"portfolio_category":[],"portfolio_skills":[],"portfolio_tags":[32],"class_list":["post-5679","avada_portfolio","type-avada_portfolio","status-publish","format-standard","has-post-thumbnail","hentry","portfolio_tags-32"],"_links":{"self":[{"href":"https:\/\/www.fotografiaeuropea.it\/archivio\/wp-json\/wp\/v2\/avada_portfolio\/5679","targetHints":{"allow":["GET"]}}],"collection":[{"href":"https:\/\/www.fotografiaeuropea.it\/archivio\/wp-json\/wp\/v2\/avada_portfolio"}],"about":[{"href":"https:\/\/www.fotografiaeuropea.it\/archivio\/wp-json\/wp\/v2\/types\/avada_portfolio"}],"author":[{"embeddable":true,"href":"https:\/\/www.fotografiaeuropea.it\/archivio\/wp-json\/wp\/v2\/users\/1"}],"replies":[{"embeddable":true,"href":"https:\/\/www.fotografiaeuropea.it\/archivio\/wp-json\/wp\/v2\/comments?post=5679"}],"version-history":[{"count":3,"href":"https:\/\/www.fotografiaeuropea.it\/archivio\/wp-json\/wp\/v2\/avada_portfolio\/5679\/revisions"}],"predecessor-version":[{"id":5690,"href":"https:\/\/www.fotografiaeuropea.it\/archivio\/wp-json\/wp\/v2\/avada_portfolio\/5679\/revisions\/5690"}],"wp:featuredmedia":[{"embeddable":true,"href":"https:\/\/www.fotografiaeuropea.it\/archivio\/wp-json\/wp\/v2\/media\/5687"}],"wp:attachment":[{"href":"https:\/\/www.fotografiaeuropea.it\/archivio\/wp-json\/wp\/v2\/media?parent=5679"}],"wp:term":[{"taxonomy":"portfolio_category","embeddable":true,"href":"https:\/\/www.fotografiaeuropea.it\/archivio\/wp-json\/wp\/v2\/portfolio_category?post=5679"},{"taxonomy":"portfolio_skills","embeddable":true,"href":"https:\/\/www.fotografiaeuropea.it\/archivio\/wp-json\/wp\/v2\/portfolio_skills?post=5679"},{"taxonomy":"portfolio_tags","embeddable":true,"href":"https:\/\/www.fotografiaeuropea.it\/archivio\/wp-json\/wp\/v2\/portfolio_tags?post=5679"}],"curies":[{"name":"wp","href":"https:\/\/api.w.org\/{rel}","templated":true}]}}