{"id":5651,"date":"2026-04-16T10:30:01","date_gmt":"2026-04-16T08:30:01","guid":{"rendered":"https:\/\/www.fotografiaeuropea.it\/archivio\/?post_type=avada_portfolio&#038;p=5651"},"modified":"2026-04-16T10:30:01","modified_gmt":"2026-04-16T08:30:01","slug":"sejla-kameric","status":"publish","type":"avada_portfolio","link":"https:\/\/www.fotografiaeuropea.it\/archivio\/mostre\/sejla-kameric\/","title":{"rendered":"Sejla Kameric"},"content":{"rendered":"<div class=\"fusion-fullwidth fullwidth-box fusion-builder-row-1 fusion-flex-container has-pattern-background has-mask-background hundred-percent-fullwidth non-hundred-percent-height-scrolling fusion-animated\" style=\"--awb-border-radius-top-left:0px;--awb-border-radius-top-right:0px;--awb-border-radius-bottom-right:0px;--awb-border-radius-bottom-left:0px;--awb-padding-top:0px;--awb-padding-left:0px;--awb-padding-top-medium:0%;--awb-padding-right-medium:0px;--awb-padding-bottom-medium:0%;--awb-background-color:var(--awb-color1);--awb-flex-wrap:wrap;\" data-animationType=\"fadeIn\" data-animationDuration=\"0.4\" data-animationDelay=\"0.2\" data-animationOffset=\"top-into-view\" ><div class=\"fusion-builder-row fusion-row fusion-flex-align-items-stretch fusion-flex-justify-content-center fusion-flex-content-wrap\" style=\"width:104% !important;max-width:104% !important;margin-left: calc(-4% \/ 2 );margin-right: calc(-4% \/ 2 );\"><div class=\"fusion-layout-column fusion_builder_column fusion-builder-column-0 fusion_builder_column_1_1 1_1 fusion-flex-column\" style=\"--awb-bg-size:cover;--awb-width-large:100%;--awb-margin-top-large:0px;--awb-spacing-right-large:1.92%;--awb-margin-bottom-large:20px;--awb-spacing-left-large:1.92%;--awb-width-medium:100%;--awb-order-medium:0;--awb-spacing-right-medium:1.92%;--awb-spacing-left-medium:1.92%;--awb-width-small:100%;--awb-order-small:0;--awb-spacing-right-small:1.92%;--awb-spacing-left-small:1.92%;\"><div class=\"fusion-column-wrapper fusion-column-has-shadow fusion-flex-justify-content-flex-start fusion-content-layout-column\"><div class=\"awb-gallery-wrapper awb-gallery-wrapper-1 button-span-no\" style=\"--more-btn-alignment:center;margin-bottom:2.5rem;\"><div style=\"margin:-5px;--awb-aspect-ratio:1 \/ 1;--awb-bordersize:0px;--awb-caption-title-size:var(--awb-typography5-font-size);--awb-caption-title-transform:var(--awb-typography5-text-transform);--awb-caption-title-line-height:var(--awb-typography5-line-height);--awb-caption-title-letter-spacing:var(--awb-typography5-letter-spacing);--awb-caption-text-size:12px;--awb-caption-text-transform:uppercase;--awb-caption-text-line-height:1.35;--awb-caption-text-letter-spacing:0.08em;--awb-caption-overlay-color:var(--awb-color8);--awb-caption-background-color:var(--awb-custom_color_2);--awb-caption-margin-top:1rem;--awb-caption-margin-bottom:1rem;--awb-caption-title-font-family:var(--awb-typography5-font-family);--awb-caption-title-font-weight:var(--awb-typography5-font-weight);--awb-caption-title-font-style:var(--awb-typography5-font-style);--awb-caption-text-font-family:&quot;Shentox Bold&quot;;--awb-caption-text-font-style:normal;--awb-caption-text-font-weight:400;--awb-columns-medium:33.3333%;\" class=\"fusion-gallery fusion-gallery-container fusion-grid-3 fusion-columns-total-3 fusion-gallery-layout-grid fusion-gallery-1 has-aspect-ratio\"><div style=\"padding:5px;\" class=\"fusion-grid-column fusion-gallery-column fusion-gallery-column-3 hover-type-zoomin awb-imageframe-style awb-imageframe-style-below awb-imageframe-style-1\"><div class=\"fusion-gallery-image\"><a href=\"https:\/\/www.fotografiaeuropea.it\/archivio\/wp-content\/uploads\/sites\/2\/2026\/04\/20060210120417.jpg\" data-title=\"20060210120417\" title=\"20060210120417\" rel=\"noreferrer\" data-rel=\"iLightbox[gallery_image_1]\" class=\"fusion-lightbox\" target=\"_self\"><img decoding=\"async\" src=\"https:\/\/www.fotografiaeuropea.it\/archivio\/wp-content\/uploads\/sites\/2\/2026\/04\/20060210120417.jpg\" data-orig-src=\"https:\/\/www.fotografiaeuropea.it\/archivio\/wp-content\/uploads\/sites\/2\/2026\/04\/20060210120417.jpg\" width=\"575\" height=\"575\" alt=\"\" title=\"20060210120417\" aria-label=\"20060210120417\" class=\"lazyload img-responsive wp-image-5652\" srcset=\"data:image\/svg+xml,%3Csvg%20xmlns%3D%27http%3A%2F%2Fwww.w3.org%2F2000%2Fsvg%27%20width%3D%27575%27%20height%3D%27575%27%20viewBox%3D%270%200%20575%20575%27%3E%3Crect%20width%3D%27575%27%20height%3D%27575%27%20fill-opacity%3D%220%22%2F%3E%3C%2Fsvg%3E\" data-srcset=\"https:\/\/www.fotografiaeuropea.it\/archivio\/wp-content\/uploads\/sites\/2\/2026\/04\/20060210120417-200x200.jpg 200w, https:\/\/www.fotografiaeuropea.it\/archivio\/wp-content\/uploads\/sites\/2\/2026\/04\/20060210120417-400x400.jpg 400w, https:\/\/www.fotografiaeuropea.it\/archivio\/wp-content\/uploads\/sites\/2\/2026\/04\/20060210120417.jpg 575w\" data-sizes=\"auto\" data-orig-sizes=\"(min-width: 2200px) 100vw, (min-width: 784px) 397px, (min-width: 712px) 595px, (min-width: 640px) 712px, \" \/><\/a><\/div><div class=\"awb-imageframe-caption-container\"><div class=\"awb-imageframe-caption\"><div class=\"awb-imageframe-caption-title\">20060210120417<\/div><\/div><\/div><\/div><div style=\"padding:5px;\" class=\"fusion-grid-column fusion-gallery-column fusion-gallery-column-3 hover-type-zoomin awb-imageframe-style awb-imageframe-style-below awb-imageframe-style-1\"><div class=\"fusion-gallery-image\"><a href=\"https:\/\/www.fotografiaeuropea.it\/archivio\/wp-content\/uploads\/sites\/2\/2026\/04\/20060210120438.jpg\" data-title=\"20060210120438\" title=\"20060210120438\" rel=\"noreferrer\" data-rel=\"iLightbox[gallery_image_1]\" class=\"fusion-lightbox\" target=\"_self\"><img decoding=\"async\" src=\"https:\/\/www.fotografiaeuropea.it\/archivio\/wp-content\/uploads\/sites\/2\/2026\/04\/20060210120438.jpg\" data-orig-src=\"https:\/\/www.fotografiaeuropea.it\/archivio\/wp-content\/uploads\/sites\/2\/2026\/04\/20060210120438.jpg\" width=\"575\" height=\"575\" alt=\"\" title=\"20060210120438\" aria-label=\"20060210120438\" class=\"lazyload img-responsive wp-image-5653\" srcset=\"data:image\/svg+xml,%3Csvg%20xmlns%3D%27http%3A%2F%2Fwww.w3.org%2F2000%2Fsvg%27%20width%3D%27575%27%20height%3D%27575%27%20viewBox%3D%270%200%20575%20575%27%3E%3Crect%20width%3D%27575%27%20height%3D%27575%27%20fill-opacity%3D%220%22%2F%3E%3C%2Fsvg%3E\" data-srcset=\"https:\/\/www.fotografiaeuropea.it\/archivio\/wp-content\/uploads\/sites\/2\/2026\/04\/20060210120438-200x200.jpg 200w, https:\/\/www.fotografiaeuropea.it\/archivio\/wp-content\/uploads\/sites\/2\/2026\/04\/20060210120438-400x400.jpg 400w, https:\/\/www.fotografiaeuropea.it\/archivio\/wp-content\/uploads\/sites\/2\/2026\/04\/20060210120438.jpg 575w\" data-sizes=\"auto\" data-orig-sizes=\"(min-width: 2200px) 100vw, (min-width: 784px) 397px, (min-width: 712px) 595px, (min-width: 640px) 712px, \" \/><\/a><\/div><div class=\"awb-imageframe-caption-container\"><div class=\"awb-imageframe-caption\"><div class=\"awb-imageframe-caption-title\">20060210120438<\/div><\/div><\/div><\/div><div style=\"padding:5px;\" class=\"fusion-grid-column fusion-gallery-column fusion-gallery-column-3 hover-type-zoomin awb-imageframe-style awb-imageframe-style-below awb-imageframe-style-1\"><div class=\"fusion-gallery-image\"><a href=\"https:\/\/www.fotografiaeuropea.it\/archivio\/wp-content\/uploads\/sites\/2\/2026\/04\/20060210120455.jpg\" data-title=\"20060210120455\" title=\"20060210120455\" rel=\"noreferrer\" data-rel=\"iLightbox[gallery_image_1]\" class=\"fusion-lightbox\" target=\"_self\"><img decoding=\"async\" src=\"https:\/\/www.fotografiaeuropea.it\/archivio\/wp-content\/uploads\/sites\/2\/2026\/04\/20060210120455.jpg\" data-orig-src=\"https:\/\/www.fotografiaeuropea.it\/archivio\/wp-content\/uploads\/sites\/2\/2026\/04\/20060210120455.jpg\" width=\"575\" height=\"575\" alt=\"\" title=\"20060210120455\" aria-label=\"20060210120455\" class=\"lazyload img-responsive wp-image-5654\" style=\"object-position:51% 69%;\" srcset=\"data:image\/svg+xml,%3Csvg%20xmlns%3D%27http%3A%2F%2Fwww.w3.org%2F2000%2Fsvg%27%20width%3D%27575%27%20height%3D%27575%27%20viewBox%3D%270%200%20575%20575%27%3E%3Crect%20width%3D%27575%27%20height%3D%27575%27%20fill-opacity%3D%220%22%2F%3E%3C%2Fsvg%3E\" data-srcset=\"https:\/\/www.fotografiaeuropea.it\/archivio\/wp-content\/uploads\/sites\/2\/2026\/04\/20060210120455-200x200.jpg 200w, https:\/\/www.fotografiaeuropea.it\/archivio\/wp-content\/uploads\/sites\/2\/2026\/04\/20060210120455-400x400.jpg 400w, https:\/\/www.fotografiaeuropea.it\/archivio\/wp-content\/uploads\/sites\/2\/2026\/04\/20060210120455.jpg 575w\" data-sizes=\"auto\" data-orig-sizes=\"(min-width: 2200px) 100vw, (min-width: 784px) 397px, (min-width: 712px) 595px, (min-width: 640px) 712px, \" \/><\/a><\/div><div class=\"awb-imageframe-caption-container\"><div class=\"awb-imageframe-caption\"><div class=\"awb-imageframe-caption-title\">20060210120455<\/div><\/div><\/div><\/div><div class=\"clearfix\"><\/div><\/div><\/div><\/div><\/div><div class=\"fusion-layout-column fusion_builder_column fusion-builder-column-1 fusion_builder_column_3_4 3_4 fusion-flex-column fusion-flex-align-self-flex-start\" style=\"--awb-bg-color:rgba(255,255,255,0);--awb-bg-color-hover:rgba(255,255,255,0);--awb-bg-size:cover;--awb-width-large:75%;--awb-margin-top-large:0px;--awb-spacing-right-large:2.56%;--awb-margin-bottom-large:0px;--awb-spacing-left-large:2.56%;--awb-width-medium:75%;--awb-order-medium:0;--awb-spacing-right-medium:2.56%;--awb-margin-bottom-medium:0px;--awb-spacing-left-medium:2.56%;--awb-width-small:100%;--awb-order-small:0;--awb-spacing-right-small:1.92%;--awb-spacing-left-small:1.92%;\" data-scroll-devices=\"small-visibility,medium-visibility,large-visibility\"><div class=\"fusion-column-wrapper fusion-column-has-shadow fusion-flex-justify-content-space-between fusion-content-layout-column\"><div class=\"fusion-text fusion-text-1 fusion-text-no-margin\" style=\"--awb-margin-bottom:1rem;\"><h2>Tenda, Neve, Pace (Curtain, Snow, Peace)<\/h2>\n<\/div><div class=\"fusion-text fusion-text-2\"><p>Credo che anche questa volta, come nella maggior parte dei miei lavori passati, operer\u00f2 una auto-riflessione, qui ancora pi\u00f9 forte essendo il Limite e il Confine un tema che sento davvero mio. Credo che lavorer\u00f2 su questa personale ed intima connessione tra me e Reggio Emilia.<br \/>\nPosso dire che Reggio Emilia \u00e8 davvero tutto ci\u00f2 che mi aspettavo di trovare. Mi piace questa citt\u00e0, anche se sono qui da pochi giorni, ma spero comunque che quelli a venire saranno piacevoli come quelli appena passati. Sto bene e mi sento a casa, e questo significa molto per me.<\/p>\n<p>Ho esplorato spesso il tema del Limite e del Confine da quando ho cominciato a fare questo lavoro. Sono sempre stata attratta da questo tema, l&#8217;ho affrontato spesso nei miei progetti, quasi come fosse una sfida. Ora che mi \u00e8 stato chiesto di affrontare di nuovo questo tema, ho ripensato molto ai lavori passati, e ho capito che, cos\u00ec come io sono cresciuta, allo stesso modo \u00e8 cambiato anche il mio modo di concepire il tema del Confine. Mentre negli anni passati aveva un senso politico, ora lo sento come un tema molto personale ed intimo, individuale, il tema sui limiti che una persona trova nella sua vita e che deve in qualche modo superare, o evitare.<br \/>\nEssendo un progetto fotografico, porto sempre con me le mie quattro macchine fotografiche, ognuna diversa dall&#8217;altra, e, in un certo modo, avverto anche qui un confine tra queste macchine fotografiche, nei loro diversi obbiettivi, e quindi anche diversi punti di vista. Cos\u00ec sto inseguendo anche questo piccolo e nuovo esperimento.<\/p>\n<p>La relazione tra parole e immagini \u00e8 qualche cosa di veramente connesso al mio background, alla mia esperienza. Io nasco come graphic designer e sono sempre stata abituata a combinare elementi diversi nel mio lavoro. Nella mia vita artistica uso pressappoco gli stessi principi, associando alle immagini delle parole, dei testi o degli slogan diretti al pubblico. Mi piace questo tipo di approccio perch\u00e9 \u00e8 molto diretto, e, inoltre, mi piace lavorare in mezzo alla gente, negli spazi pubblici piuttosto che nella gallerie o nei musei. Spesso, infatti, usando i mezzi grafici a cui sono stata abituata, \u00e8 molto pi\u00f9 facile raggiungere il pubblico, gli spettatori, colpirli, spesso in modo molto pi\u00f9 efficace rispetto all&#8217;arte contemporanea tradizionale<\/p>\n<\/div><div class=\"accordian fusion-accordian\" style=\"--awb-border-size:0px;--awb-icon-size:22px;--awb-content-font-size:var(--awb-typography4-font-size);--awb-content-letter-spacing:var(--awb-typography4-letter-spacing);--awb-content-text-transform:var(--awb-typography4-text-transform);--awb-content-line-height:var(--awb-typography4-line-height);--awb-icon-alignment:left;--awb-hover-color:var(--awb-color2);--awb-border-color:var(--awb-color8);--awb-background-color:var(--awb-color2);--awb-divider-color:var(--awb-color5);--awb-divider-hover-color:var(--awb-custom_color_2);--awb-icon-color:var(--awb-color1);--awb-title-color:var(--awb-color8);--awb-content-color:var(--awb-color8);--awb-icon-box-color:var(--awb-color8);--awb-toggle-hover-accent-color:var(--awb-custom_color_2);--awb-toggle-active-accent-color:var(--awb-custom_color_2);--awb-title-font-family:&quot;Shentox Bold&quot;;--awb-title-font-weight:400;--awb-title-font-style:normal;--awb-title-font-size:22px;--awb-title-letter-spacing:0.08rem;--awb-title-line-height:1.35;--awb-content-font-family:var(--awb-typography4-font-family);--awb-content-font-weight:var(--awb-typography4-font-weight);--awb-content-font-style:var(--awb-typography4-font-style);\"><div class=\"panel-group fusion-toggle-icon-boxed\" id=\"accordion-5651-1\"><div class=\"fusion-panel panel-default panel-c35db0ab4bd94134e fusion-toggle-no-divider fusion-toggle-boxed-mode\" style=\"--awb-title-color:var(--awb-color8);--awb-content-color:var(--awb-color8);\"><div class=\"panel-heading\"><h2 class=\"panel-title toggle\" id=\"toggle_c35db0ab4bd94134e\"><a aria-expanded=\"false\" aria-controls=\"c35db0ab4bd94134e\" role=\"button\" data-toggle=\"collapse\" data-parent=\"#accordion-5651-1\" data-target=\"#c35db0ab4bd94134e\" href=\"#c35db0ab4bd94134e\"><span class=\"fusion-toggle-icon-wrapper\" aria-hidden=\"true\"><i class=\"fa-fusion-box active-icon awb-icon-minus\" aria-hidden=\"true\"><\/i><i class=\"fa-fusion-box inactive-icon awb-icon-plus\" aria-hidden=\"true\"><\/i><\/span><span class=\"fusion-toggle-heading\">Biografia<\/span><\/a><\/h2><\/div><div id=\"c35db0ab4bd94134e\" class=\"panel-collapse collapse \" aria-labelledby=\"toggle_c35db0ab4bd94134e\"><div class=\"panel-body toggle-content fusion-clearfix\">\n<p>Sejla Kameric \u00e8 nata a Sarajevo (Bosnia), nel 1976, dove vive e lavora.<\/p>\n<p>La ricerca di Sejla Kameric muove da un approccio politico che caratterizza i primi anni della sua carriera. Successivamente, la sua ricerca diventa pi\u00f9 intimista e concettuale, una sorta di maturazione individuale, nella quale l&#8217;artista ha posto al centro della sue immagini luoghi ed atmosfere intime e famigliari, sviluppate anche in diversi work in progress sempre in aggiornamento, e accompagnate dall&#8217;uso di testi. Utilizza diverse tipologie di media: dalle installazioni video, alle fotografia, e ai media in generale.<\/p>\n<\/div><\/div><\/div><\/div><\/div><\/div><\/div><div class=\"fusion-layout-column fusion_builder_column fusion-builder-column-2 fusion_builder_column_1_4 1_4 fusion-flex-column\" style=\"--awb-bg-size:cover;--awb-width-large:25%;--awb-margin-top-large:0px;--awb-spacing-right-large:7.68%;--awb-margin-bottom-large:20px;--awb-spacing-left-large:7.68%;--awb-width-medium:25%;--awb-order-medium:0;--awb-spacing-right-medium:7.68%;--awb-spacing-left-medium:7.68%;--awb-width-small:100%;--awb-order-small:0;--awb-spacing-right-small:1.92%;--awb-spacing-left-small:1.92%;\"><div class=\"fusion-column-wrapper fusion-column-has-shadow fusion-flex-justify-content-flex-start fusion-content-layout-column\"><div ><a class=\"fusion-button button-flat fusion-button-default-size button-custom fusion-button-default button-1 fusion-button-span-yes fusion-button-span-default-medium fusion-button-default-type\" style=\"--awb-margin-bottom:2rem;--button_accent_color:var(--awb-color1);--button_border_color:var(--awb-custom_color_2);--button_accent_hover_color:var(--awb-color1);--button_border_hover_color:var(--awb-color8);--button_gradient_top_color:var(--awb-custom_color_2);--button_gradient_bottom_color:var(--awb-custom_color_2);--button_gradient_top_color_hover:var(--awb-color8);--button_gradient_bottom_color_hover:var(--awb-color8);\" target=\"_self\" data-hover=\"icon_slide\" href=\"https:\/\/www.fotografiaeuropea.it\/archivio\/archivio-edizioni-di-fotografia-europea\/fotografia-europea-2006\"><span class=\"fusion-button-text awb-button__text awb-button__text--default\">Edizione 2006<\/span><i class=\"icon-dance-arrow awb-button__icon awb-button__icon--default button-icon-right\" aria-hidden=\"true\"><\/i><\/a><\/div><div class=\"fusion-text fusion-text-3\"><h3>Sede<\/h3>\n<p>Biblioteca Panizzi<br \/>\nvia Farini 3<\/p>\n<\/div><\/div><\/div><\/div><\/div>\n","protected":false},"excerpt":{"rendered":"","protected":false},"author":1,"featured_media":5652,"menu_order":0,"comment_status":"closed","ping_status":"closed","template":"","format":"standard","meta":{"footnotes":""},"portfolio_category":[53],"portfolio_skills":[],"portfolio_tags":[32],"class_list":["post-5651","avada_portfolio","type-avada_portfolio","status-publish","format-standard","has-post-thumbnail","hentry","portfolio_category-biblioteca-panizzi","portfolio_tags-32"],"_links":{"self":[{"href":"https:\/\/www.fotografiaeuropea.it\/archivio\/wp-json\/wp\/v2\/avada_portfolio\/5651","targetHints":{"allow":["GET"]}}],"collection":[{"href":"https:\/\/www.fotografiaeuropea.it\/archivio\/wp-json\/wp\/v2\/avada_portfolio"}],"about":[{"href":"https:\/\/www.fotografiaeuropea.it\/archivio\/wp-json\/wp\/v2\/types\/avada_portfolio"}],"author":[{"embeddable":true,"href":"https:\/\/www.fotografiaeuropea.it\/archivio\/wp-json\/wp\/v2\/users\/1"}],"replies":[{"embeddable":true,"href":"https:\/\/www.fotografiaeuropea.it\/archivio\/wp-json\/wp\/v2\/comments?post=5651"}],"version-history":[{"count":1,"href":"https:\/\/www.fotografiaeuropea.it\/archivio\/wp-json\/wp\/v2\/avada_portfolio\/5651\/revisions"}],"predecessor-version":[{"id":5655,"href":"https:\/\/www.fotografiaeuropea.it\/archivio\/wp-json\/wp\/v2\/avada_portfolio\/5651\/revisions\/5655"}],"wp:featuredmedia":[{"embeddable":true,"href":"https:\/\/www.fotografiaeuropea.it\/archivio\/wp-json\/wp\/v2\/media\/5652"}],"wp:attachment":[{"href":"https:\/\/www.fotografiaeuropea.it\/archivio\/wp-json\/wp\/v2\/media?parent=5651"}],"wp:term":[{"taxonomy":"portfolio_category","embeddable":true,"href":"https:\/\/www.fotografiaeuropea.it\/archivio\/wp-json\/wp\/v2\/portfolio_category?post=5651"},{"taxonomy":"portfolio_skills","embeddable":true,"href":"https:\/\/www.fotografiaeuropea.it\/archivio\/wp-json\/wp\/v2\/portfolio_skills?post=5651"},{"taxonomy":"portfolio_tags","embeddable":true,"href":"https:\/\/www.fotografiaeuropea.it\/archivio\/wp-json\/wp\/v2\/portfolio_tags?post=5651"}],"curies":[{"name":"wp","href":"https:\/\/api.w.org\/{rel}","templated":true}]}}