{"id":5640,"date":"2026-04-16T10:20:35","date_gmt":"2026-04-16T08:20:35","guid":{"rendered":"https:\/\/www.fotografiaeuropea.it\/archivio\/?post_type=avada_portfolio&#038;p=5640"},"modified":"2026-04-16T10:47:38","modified_gmt":"2026-04-16T08:47:38","slug":"jitka-hanzlova-2","status":"publish","type":"avada_portfolio","link":"https:\/\/www.fotografiaeuropea.it\/archivio\/mostre\/jitka-hanzlova-2\/","title":{"rendered":"Jitka Hanzlov\u00e0"},"content":{"rendered":"<div class=\"fusion-fullwidth fullwidth-box fusion-builder-row-1 fusion-flex-container has-pattern-background has-mask-background hundred-percent-fullwidth non-hundred-percent-height-scrolling fusion-animated\" style=\"--awb-border-radius-top-left:0px;--awb-border-radius-top-right:0px;--awb-border-radius-bottom-right:0px;--awb-border-radius-bottom-left:0px;--awb-padding-top:0px;--awb-padding-left:0px;--awb-padding-top-medium:0%;--awb-padding-right-medium:0px;--awb-padding-bottom-medium:0%;--awb-background-color:var(--awb-color1);--awb-flex-wrap:wrap;\" data-animationType=\"fadeIn\" data-animationDuration=\"0.4\" data-animationDelay=\"0.2\" data-animationOffset=\"top-into-view\" ><div class=\"fusion-builder-row fusion-row fusion-flex-align-items-stretch fusion-flex-justify-content-center fusion-flex-content-wrap\" style=\"width:104% !important;max-width:104% !important;margin-left: calc(-4% \/ 2 );margin-right: calc(-4% \/ 2 );\"><div class=\"fusion-layout-column fusion_builder_column fusion-builder-column-0 fusion_builder_column_1_1 1_1 fusion-flex-column\" style=\"--awb-bg-size:cover;--awb-width-large:100%;--awb-margin-top-large:0px;--awb-spacing-right-large:1.92%;--awb-margin-bottom-large:20px;--awb-spacing-left-large:1.92%;--awb-width-medium:100%;--awb-order-medium:0;--awb-spacing-right-medium:1.92%;--awb-spacing-left-medium:1.92%;--awb-width-small:100%;--awb-order-small:0;--awb-spacing-right-small:1.92%;--awb-spacing-left-small:1.92%;\"><div class=\"fusion-column-wrapper fusion-column-has-shadow fusion-flex-justify-content-flex-start fusion-content-layout-column\"><div class=\"awb-gallery-wrapper awb-gallery-wrapper-1 button-span-no\" style=\"--more-btn-alignment:center;margin-bottom:2.5rem;\"><div style=\"margin:-5px;--awb-aspect-ratio:1 \/ 1;--awb-bordersize:0px;--awb-caption-title-size:var(--awb-typography5-font-size);--awb-caption-title-transform:var(--awb-typography5-text-transform);--awb-caption-title-line-height:var(--awb-typography5-line-height);--awb-caption-title-letter-spacing:var(--awb-typography5-letter-spacing);--awb-caption-text-size:12px;--awb-caption-text-transform:uppercase;--awb-caption-text-line-height:1.35;--awb-caption-text-letter-spacing:0.08em;--awb-caption-overlay-color:var(--awb-color8);--awb-caption-background-color:var(--awb-custom_color_2);--awb-caption-margin-top:1rem;--awb-caption-margin-bottom:1rem;--awb-caption-title-font-family:var(--awb-typography5-font-family);--awb-caption-title-font-weight:var(--awb-typography5-font-weight);--awb-caption-title-font-style:var(--awb-typography5-font-style);--awb-caption-text-font-family:&quot;Shentox Bold&quot;;--awb-caption-text-font-style:normal;--awb-caption-text-font-weight:400;--awb-columns-medium:33.3333%;\" class=\"fusion-gallery fusion-gallery-container fusion-grid-3 fusion-columns-total-3 fusion-gallery-layout-grid fusion-gallery-1 has-aspect-ratio\"><div style=\"padding:5px;\" class=\"fusion-grid-column fusion-gallery-column fusion-gallery-column-3 hover-type-zoomin awb-imageframe-style awb-imageframe-style-below awb-imageframe-style-1\"><div class=\"fusion-gallery-image\"><a href=\"https:\/\/www.fotografiaeuropea.it\/archivio\/wp-content\/uploads\/sites\/2\/2026\/04\/20060317162241.jpg\" data-title=\"20060317162241\" title=\"20060317162241\" rel=\"noreferrer\" data-rel=\"iLightbox[gallery_image_1]\" class=\"fusion-lightbox\" target=\"_self\"><img decoding=\"async\" src=\"https:\/\/www.fotografiaeuropea.it\/archivio\/wp-content\/uploads\/sites\/2\/2026\/04\/20060317162241.jpg\" data-orig-src=\"https:\/\/www.fotografiaeuropea.it\/archivio\/wp-content\/uploads\/sites\/2\/2026\/04\/20060317162241.jpg\" width=\"435\" height=\"640\" alt=\"\" title=\"20060317162241\" aria-label=\"20060317162241\" class=\"lazyload img-responsive wp-image-5641\" srcset=\"data:image\/svg+xml,%3Csvg%20xmlns%3D%27http%3A%2F%2Fwww.w3.org%2F2000%2Fsvg%27%20width%3D%27435%27%20height%3D%27640%27%20viewBox%3D%270%200%20435%20640%27%3E%3Crect%20width%3D%27435%27%20height%3D%27640%27%20fill-opacity%3D%220%22%2F%3E%3C%2Fsvg%3E\" data-srcset=\"https:\/\/www.fotografiaeuropea.it\/archivio\/wp-content\/uploads\/sites\/2\/2026\/04\/20060317162241-200x294.jpg 200w, https:\/\/www.fotografiaeuropea.it\/archivio\/wp-content\/uploads\/sites\/2\/2026\/04\/20060317162241-400x589.jpg 400w, https:\/\/www.fotografiaeuropea.it\/archivio\/wp-content\/uploads\/sites\/2\/2026\/04\/20060317162241.jpg 435w\" data-sizes=\"auto\" data-orig-sizes=\"(min-width: 2200px) 100vw, (min-width: 784px) 397px, (min-width: 712px) 595px, (min-width: 640px) 712px, \" \/><\/a><\/div><div class=\"awb-imageframe-caption-container\"><div class=\"awb-imageframe-caption\"><div class=\"awb-imageframe-caption-title\">20060317162241<\/div><\/div><\/div><\/div><div style=\"padding:5px;\" class=\"fusion-grid-column fusion-gallery-column fusion-gallery-column-3 hover-type-zoomin awb-imageframe-style awb-imageframe-style-below awb-imageframe-style-1\"><div class=\"fusion-gallery-image\"><a href=\"https:\/\/www.fotografiaeuropea.it\/archivio\/wp-content\/uploads\/sites\/2\/2026\/04\/20060317162325.jpg\" data-title=\"20060317162325\" title=\"20060317162325\" rel=\"noreferrer\" data-rel=\"iLightbox[gallery_image_1]\" class=\"fusion-lightbox\" target=\"_self\"><img decoding=\"async\" src=\"https:\/\/www.fotografiaeuropea.it\/archivio\/wp-content\/uploads\/sites\/2\/2026\/04\/20060317162325.jpg\" data-orig-src=\"https:\/\/www.fotografiaeuropea.it\/archivio\/wp-content\/uploads\/sites\/2\/2026\/04\/20060317162325.jpg\" width=\"432\" height=\"640\" alt=\"\" title=\"20060317162325\" aria-label=\"20060317162325\" class=\"lazyload img-responsive wp-image-5642\" srcset=\"data:image\/svg+xml,%3Csvg%20xmlns%3D%27http%3A%2F%2Fwww.w3.org%2F2000%2Fsvg%27%20width%3D%27432%27%20height%3D%27640%27%20viewBox%3D%270%200%20432%20640%27%3E%3Crect%20width%3D%27432%27%20height%3D%27640%27%20fill-opacity%3D%220%22%2F%3E%3C%2Fsvg%3E\" data-srcset=\"https:\/\/www.fotografiaeuropea.it\/archivio\/wp-content\/uploads\/sites\/2\/2026\/04\/20060317162325-200x296.jpg 200w, https:\/\/www.fotografiaeuropea.it\/archivio\/wp-content\/uploads\/sites\/2\/2026\/04\/20060317162325-400x593.jpg 400w, https:\/\/www.fotografiaeuropea.it\/archivio\/wp-content\/uploads\/sites\/2\/2026\/04\/20060317162325.jpg 432w\" data-sizes=\"auto\" data-orig-sizes=\"(min-width: 2200px) 100vw, (min-width: 784px) 397px, (min-width: 712px) 595px, (min-width: 640px) 712px, \" \/><\/a><\/div><div class=\"awb-imageframe-caption-container\"><div class=\"awb-imageframe-caption\"><div class=\"awb-imageframe-caption-title\">20060317162325<\/div><\/div><\/div><\/div><div style=\"padding:5px;\" class=\"fusion-grid-column fusion-gallery-column fusion-gallery-column-3 hover-type-zoomin awb-imageframe-style awb-imageframe-style-below awb-imageframe-style-1\"><div class=\"fusion-gallery-image\"><a href=\"https:\/\/www.fotografiaeuropea.it\/archivio\/wp-content\/uploads\/sites\/2\/2026\/04\/20060317162256.jpg\" data-title=\"20060317162256\" title=\"20060317162256\" rel=\"noreferrer\" data-rel=\"iLightbox[gallery_image_1]\" class=\"fusion-lightbox\" target=\"_self\"><img decoding=\"async\" src=\"https:\/\/www.fotografiaeuropea.it\/archivio\/wp-content\/uploads\/sites\/2\/2026\/04\/20060317162256.jpg\" data-orig-src=\"https:\/\/www.fotografiaeuropea.it\/archivio\/wp-content\/uploads\/sites\/2\/2026\/04\/20060317162256.jpg\" width=\"436\" height=\"640\" alt=\"\" title=\"20060317162256\" aria-label=\"20060317162256\" class=\"lazyload img-responsive wp-image-5643\" style=\"object-position:51% 69%;\" srcset=\"data:image\/svg+xml,%3Csvg%20xmlns%3D%27http%3A%2F%2Fwww.w3.org%2F2000%2Fsvg%27%20width%3D%27436%27%20height%3D%27640%27%20viewBox%3D%270%200%20436%20640%27%3E%3Crect%20width%3D%27436%27%20height%3D%27640%27%20fill-opacity%3D%220%22%2F%3E%3C%2Fsvg%3E\" data-srcset=\"https:\/\/www.fotografiaeuropea.it\/archivio\/wp-content\/uploads\/sites\/2\/2026\/04\/20060317162256-200x294.jpg 200w, https:\/\/www.fotografiaeuropea.it\/archivio\/wp-content\/uploads\/sites\/2\/2026\/04\/20060317162256-400x587.jpg 400w, https:\/\/www.fotografiaeuropea.it\/archivio\/wp-content\/uploads\/sites\/2\/2026\/04\/20060317162256.jpg 436w\" data-sizes=\"auto\" data-orig-sizes=\"(min-width: 2200px) 100vw, (min-width: 784px) 397px, (min-width: 712px) 595px, (min-width: 640px) 712px, \" \/><\/a><\/div><div class=\"awb-imageframe-caption-container\"><div class=\"awb-imageframe-caption\"><div class=\"awb-imageframe-caption-title\">20060317162256<\/div><\/div><\/div><\/div><div class=\"clearfix\"><\/div><\/div><\/div><\/div><\/div><div class=\"fusion-layout-column fusion_builder_column fusion-builder-column-1 fusion_builder_column_3_4 3_4 fusion-flex-column fusion-flex-align-self-flex-start\" style=\"--awb-bg-color:rgba(255,255,255,0);--awb-bg-color-hover:rgba(255,255,255,0);--awb-bg-size:cover;--awb-width-large:75%;--awb-margin-top-large:0px;--awb-spacing-right-large:2.56%;--awb-margin-bottom-large:0px;--awb-spacing-left-large:2.56%;--awb-width-medium:75%;--awb-order-medium:0;--awb-spacing-right-medium:2.56%;--awb-margin-bottom-medium:0px;--awb-spacing-left-medium:2.56%;--awb-width-small:100%;--awb-order-small:0;--awb-spacing-right-small:1.92%;--awb-spacing-left-small:1.92%;\" data-scroll-devices=\"small-visibility,medium-visibility,large-visibility\"><div class=\"fusion-column-wrapper fusion-column-has-shadow fusion-flex-justify-content-space-between fusion-content-layout-column\"><div class=\"fusion-text fusion-text-1 fusion-text-no-margin\" style=\"--awb-margin-bottom:1rem;\"><h2>Migration<\/h2>\n<\/div><div class=\"fusion-text fusion-text-2\"><p>Confine. Un tempo, quando vivevo in Cecoslovacchia, il confine, per me, era rappresentato da un muro enorme, alto fino al cielo, che impediva la visuale sul mondo. A quel tempo, io lo feci esplodere, lo feci saltare, andandomene. Oggi, dopo quasi 25 anni, questo confine non esiste pi\u00f9. E proprio ora, qui a Reggio Emilia, mi \u00e8 stato proposto di affrontare il tema del confine.<\/p>\n<p>Ci ho riflettuto e mentre mi chiedevo se riferirmi direttamente a Reggio Emilia o se estendere la mia riflessione a tutta l&#8217;Europa, ho notato che in questa citt\u00e0, come succede oggi in quasi tutto il mondo, abitano moltissime persone immigrate. Ho deciso di seguire queste migrazioni, che rappresentano forse la cosa meno caratteristica di questa regione, cos\u00ec tradizionalista, e quindi mi occuper\u00f2 non dei classici abitanti, ma dei nuovo soggetti, che oggi imprimono il loro segno sulla citt\u00e0, che spesso provengono dai luoghi pi\u00f9 diversi e lontani e che qui cominciano una nuova vita, per le motivazioni pi\u00f9 disparate. Vorrei cercare di seguire in questo piccolo luogo ci\u00f2 che avviene nel mondo odierno: il mescolarsi delle nazioni<\/p>\n<\/div><div class=\"accordian fusion-accordian\" style=\"--awb-border-size:0px;--awb-icon-size:22px;--awb-content-font-size:var(--awb-typography4-font-size);--awb-content-letter-spacing:var(--awb-typography4-letter-spacing);--awb-content-text-transform:var(--awb-typography4-text-transform);--awb-content-line-height:var(--awb-typography4-line-height);--awb-icon-alignment:left;--awb-hover-color:var(--awb-color2);--awb-border-color:var(--awb-color8);--awb-background-color:var(--awb-color2);--awb-divider-color:var(--awb-color5);--awb-divider-hover-color:var(--awb-custom_color_2);--awb-icon-color:var(--awb-color1);--awb-title-color:var(--awb-color8);--awb-content-color:var(--awb-color8);--awb-icon-box-color:var(--awb-color8);--awb-toggle-hover-accent-color:var(--awb-custom_color_2);--awb-toggle-active-accent-color:var(--awb-custom_color_2);--awb-title-font-family:&quot;Shentox Bold&quot;;--awb-title-font-weight:400;--awb-title-font-style:normal;--awb-title-font-size:22px;--awb-title-letter-spacing:0.08rem;--awb-title-line-height:1.35;--awb-content-font-family:var(--awb-typography4-font-family);--awb-content-font-weight:var(--awb-typography4-font-weight);--awb-content-font-style:var(--awb-typography4-font-style);\"><div class=\"panel-group fusion-toggle-icon-boxed\" id=\"accordion-5640-1\"><div class=\"fusion-panel panel-default panel-2894044a873003a46 fusion-toggle-no-divider fusion-toggle-boxed-mode\" style=\"--awb-title-color:var(--awb-color8);--awb-content-color:var(--awb-color8);\"><div class=\"panel-heading\"><h2 class=\"panel-title toggle\" id=\"toggle_2894044a873003a46\"><a aria-expanded=\"false\" aria-controls=\"2894044a873003a46\" role=\"button\" data-toggle=\"collapse\" data-parent=\"#accordion-5640-1\" data-target=\"#2894044a873003a46\" href=\"#2894044a873003a46\"><span class=\"fusion-toggle-icon-wrapper\" aria-hidden=\"true\"><i class=\"fa-fusion-box active-icon awb-icon-minus\" aria-hidden=\"true\"><\/i><i class=\"fa-fusion-box inactive-icon awb-icon-plus\" aria-hidden=\"true\"><\/i><\/span><span class=\"fusion-toggle-heading\">Biografia<\/span><\/a><\/h2><\/div><div id=\"2894044a873003a46\" class=\"panel-collapse collapse \" aria-labelledby=\"toggle_2894044a873003a46\"><div class=\"panel-body toggle-content fusion-clearfix\">\n<p>Jitka Hanzlova \u00e8 nata nel 1958 a Nachov nella Repubblica Ceca, vive e lavora a Essen in Germania.<\/p>\n<\/div><\/div><\/div><\/div><\/div><\/div><\/div><div class=\"fusion-layout-column fusion_builder_column fusion-builder-column-2 fusion_builder_column_1_4 1_4 fusion-flex-column\" style=\"--awb-bg-size:cover;--awb-width-large:25%;--awb-margin-top-large:0px;--awb-spacing-right-large:7.68%;--awb-margin-bottom-large:20px;--awb-spacing-left-large:7.68%;--awb-width-medium:25%;--awb-order-medium:0;--awb-spacing-right-medium:7.68%;--awb-spacing-left-medium:7.68%;--awb-width-small:100%;--awb-order-small:0;--awb-spacing-right-small:1.92%;--awb-spacing-left-small:1.92%;\"><div class=\"fusion-column-wrapper fusion-column-has-shadow fusion-flex-justify-content-flex-start fusion-content-layout-column\"><div ><a class=\"fusion-button button-flat fusion-button-default-size button-custom fusion-button-default button-1 fusion-button-span-yes fusion-button-span-default-medium fusion-button-default-type\" style=\"--awb-margin-bottom:2rem;--button_accent_color:var(--awb-color1);--button_border_color:var(--awb-custom_color_2);--button_accent_hover_color:var(--awb-color1);--button_border_hover_color:var(--awb-color8);--button_gradient_top_color:var(--awb-custom_color_2);--button_gradient_bottom_color:var(--awb-custom_color_2);--button_gradient_top_color_hover:var(--awb-color8);--button_gradient_bottom_color_hover:var(--awb-color8);\" target=\"_self\" data-hover=\"icon_slide\" href=\"https:\/\/www.fotografiaeuropea.it\/archivio\/archivio-edizioni-di-fotografia-europea\/fotografia-europea-2006\"><span class=\"fusion-button-text awb-button__text awb-button__text--default\">Edizione 2006<\/span><i class=\"icon-dance-arrow awb-button__icon awb-button__icon--default button-icon-right\" aria-hidden=\"true\"><\/i><\/a><\/div><div class=\"fusion-text fusion-text-3\"><h3>Sede<\/h3>\n<p>Oratorio dei Santi Carlo e Agata<br \/>\nvia San Carlo<\/p>\n<\/div><\/div><\/div><\/div><\/div>\n","protected":false},"excerpt":{"rendered":"","protected":false},"author":1,"featured_media":5641,"menu_order":0,"comment_status":"closed","ping_status":"closed","template":"","format":"standard","meta":{"footnotes":""},"portfolio_category":[],"portfolio_skills":[],"portfolio_tags":[32],"class_list":["post-5640","avada_portfolio","type-avada_portfolio","status-publish","format-standard","has-post-thumbnail","hentry","portfolio_tags-32"],"_links":{"self":[{"href":"https:\/\/www.fotografiaeuropea.it\/archivio\/wp-json\/wp\/v2\/avada_portfolio\/5640","targetHints":{"allow":["GET"]}}],"collection":[{"href":"https:\/\/www.fotografiaeuropea.it\/archivio\/wp-json\/wp\/v2\/avada_portfolio"}],"about":[{"href":"https:\/\/www.fotografiaeuropea.it\/archivio\/wp-json\/wp\/v2\/types\/avada_portfolio"}],"author":[{"embeddable":true,"href":"https:\/\/www.fotografiaeuropea.it\/archivio\/wp-json\/wp\/v2\/users\/1"}],"replies":[{"embeddable":true,"href":"https:\/\/www.fotografiaeuropea.it\/archivio\/wp-json\/wp\/v2\/comments?post=5640"}],"version-history":[{"count":2,"href":"https:\/\/www.fotografiaeuropea.it\/archivio\/wp-json\/wp\/v2\/avada_portfolio\/5640\/revisions"}],"predecessor-version":[{"id":5676,"href":"https:\/\/www.fotografiaeuropea.it\/archivio\/wp-json\/wp\/v2\/avada_portfolio\/5640\/revisions\/5676"}],"wp:featuredmedia":[{"embeddable":true,"href":"https:\/\/www.fotografiaeuropea.it\/archivio\/wp-json\/wp\/v2\/media\/5641"}],"wp:attachment":[{"href":"https:\/\/www.fotografiaeuropea.it\/archivio\/wp-json\/wp\/v2\/media?parent=5640"}],"wp:term":[{"taxonomy":"portfolio_category","embeddable":true,"href":"https:\/\/www.fotografiaeuropea.it\/archivio\/wp-json\/wp\/v2\/portfolio_category?post=5640"},{"taxonomy":"portfolio_skills","embeddable":true,"href":"https:\/\/www.fotografiaeuropea.it\/archivio\/wp-json\/wp\/v2\/portfolio_skills?post=5640"},{"taxonomy":"portfolio_tags","embeddable":true,"href":"https:\/\/www.fotografiaeuropea.it\/archivio\/wp-json\/wp\/v2\/portfolio_tags?post=5640"}],"curies":[{"name":"wp","href":"https:\/\/api.w.org\/{rel}","templated":true}]}}