{"id":5630,"date":"2026-04-16T10:11:04","date_gmt":"2026-04-16T08:11:04","guid":{"rendered":"https:\/\/www.fotografiaeuropea.it\/archivio\/?post_type=avada_portfolio&#038;p=5630"},"modified":"2026-04-16T10:11:04","modified_gmt":"2026-04-16T08:11:04","slug":"gabriele-basilico","status":"publish","type":"avada_portfolio","link":"https:\/\/www.fotografiaeuropea.it\/archivio\/mostre\/gabriele-basilico\/","title":{"rendered":"Gabriele Basilico"},"content":{"rendered":"<div class=\"fusion-fullwidth fullwidth-box fusion-builder-row-1 fusion-flex-container has-pattern-background has-mask-background hundred-percent-fullwidth non-hundred-percent-height-scrolling fusion-animated\" style=\"--awb-border-radius-top-left:0px;--awb-border-radius-top-right:0px;--awb-border-radius-bottom-right:0px;--awb-border-radius-bottom-left:0px;--awb-padding-top:0px;--awb-padding-left:0px;--awb-padding-top-medium:0%;--awb-padding-right-medium:0px;--awb-padding-bottom-medium:0%;--awb-background-color:var(--awb-color1);--awb-flex-wrap:wrap;\" data-animationType=\"fadeIn\" data-animationDuration=\"0.4\" data-animationDelay=\"0.2\" data-animationOffset=\"top-into-view\" ><div class=\"fusion-builder-row fusion-row fusion-flex-align-items-stretch fusion-flex-justify-content-center fusion-flex-content-wrap\" style=\"width:104% !important;max-width:104% !important;margin-left: calc(-4% \/ 2 );margin-right: calc(-4% \/ 2 );\"><div class=\"fusion-layout-column fusion_builder_column fusion-builder-column-0 fusion_builder_column_1_1 1_1 fusion-flex-column\" style=\"--awb-bg-size:cover;--awb-width-large:100%;--awb-margin-top-large:0px;--awb-spacing-right-large:1.92%;--awb-margin-bottom-large:20px;--awb-spacing-left-large:1.92%;--awb-width-medium:100%;--awb-order-medium:0;--awb-spacing-right-medium:1.92%;--awb-spacing-left-medium:1.92%;--awb-width-small:100%;--awb-order-small:0;--awb-spacing-right-small:1.92%;--awb-spacing-left-small:1.92%;\"><div class=\"fusion-column-wrapper fusion-column-has-shadow fusion-flex-justify-content-flex-start fusion-content-layout-column\"><div class=\"awb-gallery-wrapper awb-gallery-wrapper-1 button-span-no\" style=\"--more-btn-alignment:center;margin-bottom:2.5rem;\"><div style=\"margin:-5px;--awb-aspect-ratio:1 \/ 1;--awb-bordersize:0px;--awb-caption-title-size:var(--awb-typography5-font-size);--awb-caption-title-transform:var(--awb-typography5-text-transform);--awb-caption-title-line-height:var(--awb-typography5-line-height);--awb-caption-title-letter-spacing:var(--awb-typography5-letter-spacing);--awb-caption-text-size:12px;--awb-caption-text-transform:uppercase;--awb-caption-text-line-height:1.35;--awb-caption-text-letter-spacing:0.08em;--awb-caption-overlay-color:var(--awb-color8);--awb-caption-background-color:var(--awb-custom_color_2);--awb-caption-margin-top:1rem;--awb-caption-margin-bottom:1rem;--awb-caption-title-font-family:var(--awb-typography5-font-family);--awb-caption-title-font-weight:var(--awb-typography5-font-weight);--awb-caption-title-font-style:var(--awb-typography5-font-style);--awb-caption-text-font-family:&quot;Shentox Bold&quot;;--awb-caption-text-font-style:normal;--awb-caption-text-font-weight:400;--awb-columns-medium:33.3333%;\" class=\"fusion-gallery fusion-gallery-container fusion-grid-3 fusion-columns-total-3 fusion-gallery-layout-grid fusion-gallery-1 has-aspect-ratio\"><div style=\"padding:5px;\" class=\"fusion-grid-column fusion-gallery-column fusion-gallery-column-3 hover-type-zoomin awb-imageframe-style awb-imageframe-style-below awb-imageframe-style-1\"><div class=\"fusion-gallery-image\"><a href=\"https:\/\/www.fotografiaeuropea.it\/archivio\/wp-content\/uploads\/sites\/2\/2026\/04\/20060211105838.jpg\" data-title=\"20060211105838\" title=\"20060211105838\" rel=\"noreferrer\" data-rel=\"iLightbox[gallery_image_1]\" class=\"fusion-lightbox\" target=\"_self\"><img decoding=\"async\" src=\"https:\/\/www.fotografiaeuropea.it\/archivio\/wp-content\/uploads\/sites\/2\/2026\/04\/20060211105838.jpg\" data-orig-src=\"https:\/\/www.fotografiaeuropea.it\/archivio\/wp-content\/uploads\/sites\/2\/2026\/04\/20060211105838.jpg\" width=\"575\" height=\"430\" alt=\"\" title=\"20060211105838\" aria-label=\"20060211105838\" class=\"lazyload img-responsive wp-image-5633\" srcset=\"data:image\/svg+xml,%3Csvg%20xmlns%3D%27http%3A%2F%2Fwww.w3.org%2F2000%2Fsvg%27%20width%3D%27575%27%20height%3D%27430%27%20viewBox%3D%270%200%20575%20430%27%3E%3Crect%20width%3D%27575%27%20height%3D%27430%27%20fill-opacity%3D%220%22%2F%3E%3C%2Fsvg%3E\" data-srcset=\"https:\/\/www.fotografiaeuropea.it\/archivio\/wp-content\/uploads\/sites\/2\/2026\/04\/20060211105838-200x150.jpg 200w, https:\/\/www.fotografiaeuropea.it\/archivio\/wp-content\/uploads\/sites\/2\/2026\/04\/20060211105838-400x299.jpg 400w, https:\/\/www.fotografiaeuropea.it\/archivio\/wp-content\/uploads\/sites\/2\/2026\/04\/20060211105838.jpg 575w\" data-sizes=\"auto\" data-orig-sizes=\"(min-width: 2200px) 100vw, (min-width: 784px) 397px, (min-width: 712px) 595px, (min-width: 640px) 712px, \" \/><\/a><\/div><div class=\"awb-imageframe-caption-container\"><div class=\"awb-imageframe-caption\"><div class=\"awb-imageframe-caption-title\">20060211105838<\/div><\/div><\/div><\/div><div style=\"padding:5px;\" class=\"fusion-grid-column fusion-gallery-column fusion-gallery-column-3 hover-type-zoomin awb-imageframe-style awb-imageframe-style-below awb-imageframe-style-1\"><div class=\"fusion-gallery-image\"><a href=\"https:\/\/www.fotografiaeuropea.it\/archivio\/wp-content\/uploads\/sites\/2\/2026\/04\/20060211105809.jpg\" data-title=\"20060211105809\" title=\"20060211105809\" rel=\"noreferrer\" data-rel=\"iLightbox[gallery_image_1]\" class=\"fusion-lightbox\" target=\"_self\"><img decoding=\"async\" src=\"https:\/\/www.fotografiaeuropea.it\/archivio\/wp-content\/uploads\/sites\/2\/2026\/04\/20060211105809.jpg\" data-orig-src=\"https:\/\/www.fotografiaeuropea.it\/archivio\/wp-content\/uploads\/sites\/2\/2026\/04\/20060211105809.jpg\" width=\"575\" height=\"431\" alt=\"\" title=\"20060211105809\" aria-label=\"20060211105809\" class=\"lazyload img-responsive wp-image-5632\" srcset=\"data:image\/svg+xml,%3Csvg%20xmlns%3D%27http%3A%2F%2Fwww.w3.org%2F2000%2Fsvg%27%20width%3D%27575%27%20height%3D%27431%27%20viewBox%3D%270%200%20575%20431%27%3E%3Crect%20width%3D%27575%27%20height%3D%27431%27%20fill-opacity%3D%220%22%2F%3E%3C%2Fsvg%3E\" data-srcset=\"https:\/\/www.fotografiaeuropea.it\/archivio\/wp-content\/uploads\/sites\/2\/2026\/04\/20060211105809-200x150.jpg 200w, https:\/\/www.fotografiaeuropea.it\/archivio\/wp-content\/uploads\/sites\/2\/2026\/04\/20060211105809-400x300.jpg 400w, https:\/\/www.fotografiaeuropea.it\/archivio\/wp-content\/uploads\/sites\/2\/2026\/04\/20060211105809.jpg 575w\" data-sizes=\"auto\" data-orig-sizes=\"(min-width: 2200px) 100vw, (min-width: 784px) 397px, (min-width: 712px) 595px, (min-width: 640px) 712px, \" \/><\/a><\/div><div class=\"awb-imageframe-caption-container\"><div class=\"awb-imageframe-caption\"><div class=\"awb-imageframe-caption-title\">20060211105809<\/div><\/div><\/div><\/div><div style=\"padding:5px;\" class=\"fusion-grid-column fusion-gallery-column fusion-gallery-column-3 hover-type-zoomin awb-imageframe-style awb-imageframe-style-below awb-imageframe-style-1\"><div class=\"fusion-gallery-image\"><a href=\"https:\/\/www.fotografiaeuropea.it\/archivio\/wp-content\/uploads\/sites\/2\/2026\/04\/20060211105750.jpg\" data-title=\"20060211105750\" title=\"20060211105750\" rel=\"noreferrer\" data-rel=\"iLightbox[gallery_image_1]\" class=\"fusion-lightbox\" target=\"_self\"><img decoding=\"async\" src=\"https:\/\/www.fotografiaeuropea.it\/archivio\/wp-content\/uploads\/sites\/2\/2026\/04\/20060211105750.jpg\" data-orig-src=\"https:\/\/www.fotografiaeuropea.it\/archivio\/wp-content\/uploads\/sites\/2\/2026\/04\/20060211105750.jpg\" width=\"575\" height=\"429\" alt=\"\" title=\"20060211105750\" aria-label=\"20060211105750\" class=\"lazyload img-responsive wp-image-5631\" srcset=\"data:image\/svg+xml,%3Csvg%20xmlns%3D%27http%3A%2F%2Fwww.w3.org%2F2000%2Fsvg%27%20width%3D%27575%27%20height%3D%27429%27%20viewBox%3D%270%200%20575%20429%27%3E%3Crect%20width%3D%27575%27%20height%3D%27429%27%20fill-opacity%3D%220%22%2F%3E%3C%2Fsvg%3E\" data-srcset=\"https:\/\/www.fotografiaeuropea.it\/archivio\/wp-content\/uploads\/sites\/2\/2026\/04\/20060211105750-200x149.jpg 200w, https:\/\/www.fotografiaeuropea.it\/archivio\/wp-content\/uploads\/sites\/2\/2026\/04\/20060211105750-400x298.jpg 400w, https:\/\/www.fotografiaeuropea.it\/archivio\/wp-content\/uploads\/sites\/2\/2026\/04\/20060211105750.jpg 575w\" data-sizes=\"auto\" data-orig-sizes=\"(min-width: 2200px) 100vw, (min-width: 784px) 397px, (min-width: 712px) 595px, (min-width: 640px) 712px, \" \/><\/a><\/div><div class=\"awb-imageframe-caption-container\"><div class=\"awb-imageframe-caption\"><div class=\"awb-imageframe-caption-title\">20060211105750<\/div><\/div><\/div><\/div><div class=\"clearfix\"><\/div><\/div><\/div><\/div><\/div><div class=\"fusion-layout-column fusion_builder_column fusion-builder-column-1 fusion_builder_column_3_4 3_4 fusion-flex-column fusion-flex-align-self-flex-start\" style=\"--awb-bg-color:rgba(255,255,255,0);--awb-bg-color-hover:rgba(255,255,255,0);--awb-bg-size:cover;--awb-width-large:75%;--awb-margin-top-large:0px;--awb-spacing-right-large:2.56%;--awb-margin-bottom-large:0px;--awb-spacing-left-large:2.56%;--awb-width-medium:75%;--awb-order-medium:0;--awb-spacing-right-medium:2.56%;--awb-margin-bottom-medium:0px;--awb-spacing-left-medium:2.56%;--awb-width-small:100%;--awb-order-small:0;--awb-spacing-right-small:1.92%;--awb-spacing-left-small:1.92%;\" data-scroll-devices=\"small-visibility,medium-visibility,large-visibility\"><div class=\"fusion-column-wrapper fusion-column-has-shadow fusion-flex-justify-content-space-between fusion-content-layout-column\"><div class=\"fusion-text fusion-text-1 fusion-text-no-margin\" style=\"--awb-margin-bottom:1rem;\"><h2>Fuori Centro<\/h2>\n<\/div><div class=\"fusion-text fusion-text-2\"><p>Questa \u00e8 una terra fotografica, in cui da tantissimi anni sono presenti iniziative di fotografia che hanno creato la spina dorsale di un pensiero sulla fotografia in Italia. Il mio pensiero, inoltre, si rivolge alla memoria di un caro amico che \u00e8 stato uno dei personaggi chiave, e lo \u00e8 tutt&#8217;ora, per l&#8217;evoluzione del pensiero fotografico, che \u00e8 Luigi Ghirri.<\/p>\n<p>Il mio modo di lavorare sullo spazio si \u00e8 avviato a met\u00e0 degli anni 80, in occasione di un grosso progetto del governo francese. Oggi, questo modo di lavorare \u00e8, per me, sempre lo stesso, e per certi versi, sempre diverso. L&#8217;atteggiamento di attenzione, di osservazione, di mettere in relazione luoghi diversi del mondo occidentale, riguarda non tanto un aspetto specifico, ma la globalit\u00e0, riguarda la complessit\u00e0 di questo mondo, quindi del pensiero, e di tutto ci\u00f2 che lo rappresenta. Teniamo conto che nella fotografia, la visione impatta con quello che c&#8217;\u00e8 davanti, quindi apparentemente pu\u00f2 essere anche superficiale, ma \u00e8 semplicemente ci\u00f2 che l&#8217;immagine proietta nello sguardo. Inoltre, l&#8217;altra anima del mio modo di lavorare riguarda invece la specificit\u00e0 dei luoghi, ed \u00e8 come se ci fosse un dialogo incessante e continuo tra il fatto che il mondo che noi conosciamo, che viviamo, si assomiglia sempre di pi\u00f9, e la ricerca di questa specificit\u00e0. Non possiamo ignorare questo dato, \u00e8 un elemento fondamentale della ricerca, anzi spesso diventa l&#8217;obiettivo principale, anche nel mio lavoro. Esiste una sorta di dualismo, con il quale l&#8217;occhio del fotografo, analizzando in un modo o nell&#8217;altro, cerca di costruire uno specchio, una specularit\u00e0 del mondo.<\/p>\n<p>Il mio rapporto con lo spazio e con l&#8217;architettura \u00e8 un rapporto diviso. Come fotografo, inseguo dei percorsi, anche anonimi, in luoghi che diventano senza storia, in cui la storia \u00e8 sovrapposta, in cui si perde l&#8217;identit\u00e0. Questo fenomeno mi interessa molto, sul piano fisico e ambientale, quindi sociale e di identit\u00e0. I macro interventi dell&#8217;architettura a cui gli ultimi venti trent&#8217;anni ci hanno abituato anche in Italia come ultimo paese in Europa, mi interessano, come architetto, ma questa situazione, sul piano della lettura, questo luogo di ibridazione, mi interessa anche come fotografo, come cittadino. Il fatto che, degli interventi decisivi, fatti con una qualit\u00e0 architettonica assolutamente fuori discussione, possano in un certo senso cambiare il destino del paese, perch\u00e8 questo destino, fino adesso privo di interventi architettonici, \u00e8 un destino che ci porta verso una situazione depressa. Quindi, da sempre, la grande architettura \u00e8 stato il volano della storia che ha lasciato, nel tempo, il valore educativo dell&#8217;architettura, il valore degli elementi<\/p>\n<\/div><div class=\"accordian fusion-accordian\" style=\"--awb-border-size:0px;--awb-icon-size:22px;--awb-content-font-size:var(--awb-typography4-font-size);--awb-content-letter-spacing:var(--awb-typography4-letter-spacing);--awb-content-text-transform:var(--awb-typography4-text-transform);--awb-content-line-height:var(--awb-typography4-line-height);--awb-icon-alignment:left;--awb-hover-color:var(--awb-color2);--awb-border-color:var(--awb-color8);--awb-background-color:var(--awb-color2);--awb-divider-color:var(--awb-color5);--awb-divider-hover-color:var(--awb-custom_color_2);--awb-icon-color:var(--awb-color1);--awb-title-color:var(--awb-color8);--awb-content-color:var(--awb-color8);--awb-icon-box-color:var(--awb-color8);--awb-toggle-hover-accent-color:var(--awb-custom_color_2);--awb-toggle-active-accent-color:var(--awb-custom_color_2);--awb-title-font-family:&quot;Shentox Bold&quot;;--awb-title-font-weight:400;--awb-title-font-style:normal;--awb-title-font-size:22px;--awb-title-letter-spacing:0.08rem;--awb-title-line-height:1.35;--awb-content-font-family:var(--awb-typography4-font-family);--awb-content-font-weight:var(--awb-typography4-font-weight);--awb-content-font-style:var(--awb-typography4-font-style);\"><div class=\"panel-group fusion-toggle-icon-boxed\" id=\"accordion-5630-1\"><div class=\"fusion-panel panel-default panel-366244cd0152d888b fusion-toggle-no-divider fusion-toggle-boxed-mode\" style=\"--awb-title-color:var(--awb-color8);--awb-content-color:var(--awb-color8);\"><div class=\"panel-heading\"><h2 class=\"panel-title toggle\" id=\"toggle_366244cd0152d888b\"><a aria-expanded=\"false\" aria-controls=\"366244cd0152d888b\" role=\"button\" data-toggle=\"collapse\" data-parent=\"#accordion-5630-1\" data-target=\"#366244cd0152d888b\" href=\"#366244cd0152d888b\"><span class=\"fusion-toggle-icon-wrapper\" aria-hidden=\"true\"><i class=\"fa-fusion-box active-icon awb-icon-minus\" aria-hidden=\"true\"><\/i><i class=\"fa-fusion-box inactive-icon awb-icon-plus\" aria-hidden=\"true\"><\/i><\/span><span class=\"fusion-toggle-heading\">Biografia<\/span><\/a><\/h2><\/div><div id=\"366244cd0152d888b\" class=\"panel-collapse collapse \" aria-labelledby=\"toggle_366244cd0152d888b\"><div class=\"panel-body toggle-content fusion-clearfix\">\n<p>Gabriele Basilico \u00e8 nato a Milano nel 1944 dove vive e lavora.<\/p>\n<p>Gabriele Basilico \u00e8 uno dei pi\u00f9 noti fotografi documentaristi europei. Fotografa esclusivamente in bianco\/nero e suoi campi d&#8217;azione privilegiati sono il paesaggio industriale e le aree urbane. I suoi studi di architettura lo avvicinano all&#8217;ambiente dell&#8217;editoria di settore per cui realizza, su comisione, un ampia serie di lavori. Ha al suo attivo ricerche sulle aree urbane, sul territorio, sull&#8217;architettura commissionate da privati ed enti pubblici.<\/p>\n<\/div><\/div><\/div><\/div><\/div><\/div><\/div><div class=\"fusion-layout-column fusion_builder_column fusion-builder-column-2 fusion_builder_column_1_4 1_4 fusion-flex-column\" style=\"--awb-bg-size:cover;--awb-width-large:25%;--awb-margin-top-large:0px;--awb-spacing-right-large:7.68%;--awb-margin-bottom-large:20px;--awb-spacing-left-large:7.68%;--awb-width-medium:25%;--awb-order-medium:0;--awb-spacing-right-medium:7.68%;--awb-spacing-left-medium:7.68%;--awb-width-small:100%;--awb-order-small:0;--awb-spacing-right-small:1.92%;--awb-spacing-left-small:1.92%;\"><div class=\"fusion-column-wrapper fusion-column-has-shadow fusion-flex-justify-content-flex-start fusion-content-layout-column\"><div ><a class=\"fusion-button button-flat fusion-button-default-size button-custom fusion-button-default button-1 fusion-button-span-yes fusion-button-span-default-medium fusion-button-default-type\" style=\"--awb-margin-bottom:2rem;--button_accent_color:var(--awb-color1);--button_border_color:var(--awb-custom_color_2);--button_accent_hover_color:var(--awb-color1);--button_border_hover_color:var(--awb-color8);--button_gradient_top_color:var(--awb-custom_color_2);--button_gradient_bottom_color:var(--awb-custom_color_2);--button_gradient_top_color_hover:var(--awb-color8);--button_gradient_bottom_color_hover:var(--awb-color8);\" target=\"_self\" data-hover=\"icon_slide\" href=\"https:\/\/www.fotografiaeuropea.it\/archivio\/archivio-edizioni-di-fotografia-europea\/fotografia-europea-2006\"><span class=\"fusion-button-text awb-button__text awb-button__text--default\">Edizione 2006<\/span><i class=\"icon-dance-arrow awb-button__icon awb-button__icon--default button-icon-right\" aria-hidden=\"true\"><\/i><\/a><\/div><div class=\"fusion-text fusion-text-3\"><h3>Sede<\/h3>\n<p>Universit\u00e0 di Modena e Reggio Emilia (Media Hall)<br \/>\nviale Allegri 9<\/p>\n<\/div><\/div><\/div><\/div><\/div>\n","protected":false},"excerpt":{"rendered":"","protected":false},"author":1,"featured_media":5633,"menu_order":0,"comment_status":"closed","ping_status":"closed","template":"","format":"standard","meta":{"footnotes":""},"portfolio_category":[],"portfolio_skills":[],"portfolio_tags":[32],"class_list":["post-5630","avada_portfolio","type-avada_portfolio","status-publish","format-standard","has-post-thumbnail","hentry","portfolio_tags-32"],"_links":{"self":[{"href":"https:\/\/www.fotografiaeuropea.it\/archivio\/wp-json\/wp\/v2\/avada_portfolio\/5630","targetHints":{"allow":["GET"]}}],"collection":[{"href":"https:\/\/www.fotografiaeuropea.it\/archivio\/wp-json\/wp\/v2\/avada_portfolio"}],"about":[{"href":"https:\/\/www.fotografiaeuropea.it\/archivio\/wp-json\/wp\/v2\/types\/avada_portfolio"}],"author":[{"embeddable":true,"href":"https:\/\/www.fotografiaeuropea.it\/archivio\/wp-json\/wp\/v2\/users\/1"}],"replies":[{"embeddable":true,"href":"https:\/\/www.fotografiaeuropea.it\/archivio\/wp-json\/wp\/v2\/comments?post=5630"}],"version-history":[{"count":1,"href":"https:\/\/www.fotografiaeuropea.it\/archivio\/wp-json\/wp\/v2\/avada_portfolio\/5630\/revisions"}],"predecessor-version":[{"id":5634,"href":"https:\/\/www.fotografiaeuropea.it\/archivio\/wp-json\/wp\/v2\/avada_portfolio\/5630\/revisions\/5634"}],"wp:featuredmedia":[{"embeddable":true,"href":"https:\/\/www.fotografiaeuropea.it\/archivio\/wp-json\/wp\/v2\/media\/5633"}],"wp:attachment":[{"href":"https:\/\/www.fotografiaeuropea.it\/archivio\/wp-json\/wp\/v2\/media?parent=5630"}],"wp:term":[{"taxonomy":"portfolio_category","embeddable":true,"href":"https:\/\/www.fotografiaeuropea.it\/archivio\/wp-json\/wp\/v2\/portfolio_category?post=5630"},{"taxonomy":"portfolio_skills","embeddable":true,"href":"https:\/\/www.fotografiaeuropea.it\/archivio\/wp-json\/wp\/v2\/portfolio_skills?post=5630"},{"taxonomy":"portfolio_tags","embeddable":true,"href":"https:\/\/www.fotografiaeuropea.it\/archivio\/wp-json\/wp\/v2\/portfolio_tags?post=5630"}],"curies":[{"name":"wp","href":"https:\/\/api.w.org\/{rel}","templated":true}]}}