{"id":5626,"date":"2026-04-16T10:06:45","date_gmt":"2026-04-16T08:06:45","guid":{"rendered":"https:\/\/www.fotografiaeuropea.it\/archivio\/?post_type=avada_portfolio&#038;p=5626"},"modified":"2026-04-16T10:06:45","modified_gmt":"2026-04-16T08:06:45","slug":"emily-allchurch","status":"publish","type":"avada_portfolio","link":"https:\/\/www.fotografiaeuropea.it\/archivio\/mostre\/emily-allchurch\/","title":{"rendered":"Emily Allchurch"},"content":{"rendered":"<div class=\"fusion-fullwidth fullwidth-box fusion-builder-row-1 fusion-flex-container has-pattern-background has-mask-background hundred-percent-fullwidth non-hundred-percent-height-scrolling fusion-animated\" style=\"--awb-border-radius-top-left:0px;--awb-border-radius-top-right:0px;--awb-border-radius-bottom-right:0px;--awb-border-radius-bottom-left:0px;--awb-padding-top:0px;--awb-padding-left:0px;--awb-padding-top-medium:0%;--awb-padding-right-medium:0px;--awb-padding-bottom-medium:0%;--awb-background-color:var(--awb-color1);--awb-flex-wrap:wrap;\" data-animationType=\"fadeIn\" data-animationDuration=\"0.4\" data-animationDelay=\"0.2\" data-animationOffset=\"top-into-view\" ><div class=\"fusion-builder-row fusion-row fusion-flex-align-items-stretch fusion-flex-justify-content-center fusion-flex-content-wrap\" style=\"width:104% !important;max-width:104% !important;margin-left: calc(-4% \/ 2 );margin-right: calc(-4% \/ 2 );\"><div class=\"fusion-layout-column fusion_builder_column fusion-builder-column-0 fusion_builder_column_1_1 1_1 fusion-flex-column\" style=\"--awb-bg-size:cover;--awb-width-large:100%;--awb-margin-top-large:0px;--awb-spacing-right-large:1.92%;--awb-margin-bottom-large:20px;--awb-spacing-left-large:1.92%;--awb-width-medium:100%;--awb-order-medium:0;--awb-spacing-right-medium:1.92%;--awb-spacing-left-medium:1.92%;--awb-width-small:100%;--awb-order-small:0;--awb-spacing-right-small:1.92%;--awb-spacing-left-small:1.92%;\"><div class=\"fusion-column-wrapper fusion-column-has-shadow fusion-flex-justify-content-flex-start fusion-content-layout-column\"><div class=\"awb-gallery-wrapper awb-gallery-wrapper-1 button-span-no\" style=\"--more-btn-alignment:center;margin-bottom:2.5rem;\"><div style=\"margin:-5px;--awb-aspect-ratio:1 \/ 1;--awb-bordersize:0px;--awb-caption-title-size:var(--awb-typography5-font-size);--awb-caption-title-transform:var(--awb-typography5-text-transform);--awb-caption-title-line-height:var(--awb-typography5-line-height);--awb-caption-title-letter-spacing:var(--awb-typography5-letter-spacing);--awb-caption-text-size:12px;--awb-caption-text-transform:uppercase;--awb-caption-text-line-height:1.35;--awb-caption-text-letter-spacing:0.08em;--awb-caption-overlay-color:var(--awb-color8);--awb-caption-background-color:var(--awb-custom_color_2);--awb-caption-margin-top:1rem;--awb-caption-margin-bottom:1rem;--awb-caption-title-font-family:var(--awb-typography5-font-family);--awb-caption-title-font-weight:var(--awb-typography5-font-weight);--awb-caption-title-font-style:var(--awb-typography5-font-style);--awb-caption-text-font-family:&quot;Shentox Bold&quot;;--awb-caption-text-font-style:normal;--awb-caption-text-font-weight:400;--awb-columns-medium:33.3333%;\" class=\"fusion-gallery fusion-gallery-container fusion-grid-3 fusion-columns-total-2 fusion-gallery-layout-grid fusion-gallery-1 has-aspect-ratio\"><div style=\"padding:5px;\" class=\"fusion-grid-column fusion-gallery-column fusion-gallery-column-3 hover-type-zoomin awb-imageframe-style awb-imageframe-style-below awb-imageframe-style-1\"><div class=\"fusion-gallery-image\"><a href=\"https:\/\/www.fotografiaeuropea.it\/archivio\/wp-content\/uploads\/sites\/2\/2026\/04\/20060117155514.jpg\" data-title=\"20060117155514\" title=\"20060117155514\" rel=\"noreferrer\" data-rel=\"iLightbox[gallery_image_1]\" class=\"fusion-lightbox\" target=\"_self\"><img decoding=\"async\" src=\"https:\/\/www.fotografiaeuropea.it\/archivio\/wp-content\/uploads\/sites\/2\/2026\/04\/20060117155514.jpg\" data-orig-src=\"https:\/\/www.fotografiaeuropea.it\/archivio\/wp-content\/uploads\/sites\/2\/2026\/04\/20060117155514.jpg\" width=\"567\" height=\"486\" alt=\"\" title=\"20060117155514\" aria-label=\"20060117155514\" class=\"lazyload img-responsive wp-image-5628\" style=\"object-position:51% 52%;\" srcset=\"data:image\/svg+xml,%3Csvg%20xmlns%3D%27http%3A%2F%2Fwww.w3.org%2F2000%2Fsvg%27%20width%3D%27567%27%20height%3D%27486%27%20viewBox%3D%270%200%20567%20486%27%3E%3Crect%20width%3D%27567%27%20height%3D%27486%27%20fill-opacity%3D%220%22%2F%3E%3C%2Fsvg%3E\" data-srcset=\"https:\/\/www.fotografiaeuropea.it\/archivio\/wp-content\/uploads\/sites\/2\/2026\/04\/20060117155514-200x171.jpg 200w, https:\/\/www.fotografiaeuropea.it\/archivio\/wp-content\/uploads\/sites\/2\/2026\/04\/20060117155514-400x343.jpg 400w, https:\/\/www.fotografiaeuropea.it\/archivio\/wp-content\/uploads\/sites\/2\/2026\/04\/20060117155514.jpg 567w\" data-sizes=\"auto\" data-orig-sizes=\"(min-width: 2200px) 100vw, (min-width: 784px) 397px, (min-width: 712px) 595px, (min-width: 640px) 712px, \" \/><\/a><\/div><div class=\"awb-imageframe-caption-container\"><div class=\"awb-imageframe-caption\"><div class=\"awb-imageframe-caption-title\">20060117155514<\/div><\/div><\/div><\/div><div style=\"padding:5px;\" class=\"fusion-grid-column fusion-gallery-column fusion-gallery-column-3 hover-type-zoomin awb-imageframe-style awb-imageframe-style-below awb-imageframe-style-1\"><div class=\"fusion-gallery-image\"><a href=\"https:\/\/www.fotografiaeuropea.it\/archivio\/wp-content\/uploads\/sites\/2\/2026\/04\/20060117155423.jpg\" data-title=\"20060117155423\" title=\"20060117155423\" rel=\"noreferrer\" data-rel=\"iLightbox[gallery_image_1]\" class=\"fusion-lightbox\" target=\"_self\"><img decoding=\"async\" src=\"https:\/\/www.fotografiaeuropea.it\/archivio\/wp-content\/uploads\/sites\/2\/2026\/04\/20060117155423.jpg\" data-orig-src=\"https:\/\/www.fotografiaeuropea.it\/archivio\/wp-content\/uploads\/sites\/2\/2026\/04\/20060117155423.jpg\" width=\"575\" height=\"416\" alt=\"\" title=\"20060117155423\" aria-label=\"20060117155423\" class=\"lazyload img-responsive wp-image-5627\" style=\"object-position:50% 48%;\" srcset=\"data:image\/svg+xml,%3Csvg%20xmlns%3D%27http%3A%2F%2Fwww.w3.org%2F2000%2Fsvg%27%20width%3D%27575%27%20height%3D%27416%27%20viewBox%3D%270%200%20575%20416%27%3E%3Crect%20width%3D%27575%27%20height%3D%27416%27%20fill-opacity%3D%220%22%2F%3E%3C%2Fsvg%3E\" data-srcset=\"https:\/\/www.fotografiaeuropea.it\/archivio\/wp-content\/uploads\/sites\/2\/2026\/04\/20060117155423-200x145.jpg 200w, https:\/\/www.fotografiaeuropea.it\/archivio\/wp-content\/uploads\/sites\/2\/2026\/04\/20060117155423-400x289.jpg 400w, https:\/\/www.fotografiaeuropea.it\/archivio\/wp-content\/uploads\/sites\/2\/2026\/04\/20060117155423.jpg 575w\" data-sizes=\"auto\" data-orig-sizes=\"(min-width: 2200px) 100vw, (min-width: 784px) 397px, (min-width: 712px) 595px, (min-width: 640px) 712px, \" \/><\/a><\/div><div class=\"awb-imageframe-caption-container\"><div class=\"awb-imageframe-caption\"><div class=\"awb-imageframe-caption-title\">20060117155423<\/div><\/div><\/div><\/div><\/div><\/div><\/div><\/div><div class=\"fusion-layout-column fusion_builder_column fusion-builder-column-1 fusion_builder_column_3_4 3_4 fusion-flex-column fusion-flex-align-self-flex-start\" style=\"--awb-bg-color:rgba(255,255,255,0);--awb-bg-color-hover:rgba(255,255,255,0);--awb-bg-size:cover;--awb-width-large:75%;--awb-margin-top-large:0px;--awb-spacing-right-large:2.56%;--awb-margin-bottom-large:0px;--awb-spacing-left-large:2.56%;--awb-width-medium:75%;--awb-order-medium:0;--awb-spacing-right-medium:2.56%;--awb-margin-bottom-medium:0px;--awb-spacing-left-medium:2.56%;--awb-width-small:100%;--awb-order-small:0;--awb-spacing-right-small:1.92%;--awb-spacing-left-small:1.92%;\" data-scroll-devices=\"small-visibility,medium-visibility,large-visibility\"><div class=\"fusion-column-wrapper fusion-column-has-shadow fusion-flex-justify-content-space-between fusion-content-layout-column\"><div class=\"fusion-text fusion-text-1 fusion-text-no-margin\" style=\"--awb-margin-bottom:1rem;\"><h2>PASTORALE \/ URBAN<\/h2>\n<\/div><div class=\"fusion-text fusion-text-2\"><p>Ho trovato in Reggio Emilia un luogo interessante in cui lavorare, in cui sono presenti forti limiti e divisioni sia a livello fisico che psicologico. Tra la parte antica e i nuovi quartieri c&#8217;\u00e8 una netta separazione, tracciata fisicamente da una circonvallazione che segna le antiche mura della citt\u00e0. Nella citt\u00e0 vecchia, architettura e atmosfera sono compatte, storiche, presenti nell&#8217;alto prestigio delle abitazioni borghesi. Oltre la circonvallazione, i quartieri si alternano tra quelli di alto livello, composti dai nuovi edifici, fino ai complessi abitativi pi\u00f9 poveri, che accolgono i lavoratori e le comunit\u00e0 di immigrati a Reggio Emilia. Questo sembra essere un periodo cruciale per la storia dei sobborghi di Reggio Emilia, con l&#8217;antico e il nuovo in forte competizione per esistere, all&#8217;interno di un legame sottile. Il mio lavoro ha come base il concetto di artificio e teatralit\u00e0, l&#8217;idea di elevare le aspirazioni quotidiane creando ambientazioni finte in cui gli edifici possano esistere nuovamente. Sono stata attirata in particolar modo dalla tradizione scenografica della citt\u00e0, utilizzata non solo nella realizzazione di fondali per il teatro, ma anche per ambientazioni domestiche e come forma di arte pubblica per le processioni reali del 18\u00b0 e 19\u00b0 secolo. Guidato da Prampolini e da Fontanesi, questo gruppo di artisti dipingeva scene pastorali immaginarie per case borghesi, ispirate dalle campagne dell&#8217;Emilia Romagna. Inoltre realizzavano raffinati pannelli con architetture di fantasia per decorare le strade al passaggio del duca. Mi ha affascinato il fatto che la citt\u00e0 cercasse di migliorare la sua immagine con questi mezzi artificiali. Ci\u00f2 che mi interessa \u00e8 scoprire e valorizzare le zone dimenticate e trascurate di una citt\u00e0, per dare loro dignit\u00e0. In questo progetto mi ha attirato la situazione complessa che ho trovato nella periferia di Reggio. Ci sono due aspetti dei sobborghi che voglio indagare: quello rurale e quello architettonico.<\/p>\n<p>Prendendo come modello le composizioni scenografiche di Fontanesi, la mia scena rurale per Reggio Emilia oggi \u00e8 una sintesi di elementi tradizionali e moderni. Nel primo piano mezzo oscurato dai detriti urbani c&#8217;\u00e8 la targa di fondazione della citt\u00e0. Attorno ad essa la natura cresce tra discariche, progetti abbandonati, materiali edilizi, cartelloni pubblicitari e arredo urbano Il caratteristico albero dell&#8217;Emilia Romagna lotta per avere un posto vicino alle nuove file di pioppi piantati da Max Mara. Le tipiche colline ondulate della Romagna fanno da sfondo alla variet\u00e0 di usi che oggi si fa del territorio, dai vigneti alle aziende agricole alla perfezione iperealistica del campo da golf. Sull&#8217;orizzonte si pu\u00f2 vedere lo sviluppo di nuove propriet\u00e0 e la velocit\u00e0 con cui si costruisce. In mezzo al verde c&#8217;\u00e8 la statua di un ragazzo che tiene sulla spalla una forma di Parmigiano Reggiano, un testamento ai valori di una volta. Ai lati opposti della composizione le due facce di Giano dal palazzo Magnani sono state separate, suggerendo un diverso approccio allo sviluppo. Rivolte all&#8217;osservatore, entrambe le figure sono un monito alla nostra responsabilit\u00e0 per il passato, mentre andiamo verso il futuro. Tutta la scena con le sue nuvole burrascose e minacciose ci ricorda la &#8220;Tempesta&#8221; di Giorgione. Tuttavia il sole che si intravede in secondo piano apre anche ad uno sguardo rassicurante. Senza l&#8217;aiuto delle cartoline turistiche, per il mio lavoro sull&#8217;architettura, ho creato io stessa un ritratto di Reggio Emilia, scegliendo di fotografare un noto palazzo del centro storico. Usando questo elemento caratteristico del luogo come una guida, sono andata in giro per i quartieri periferici di Reggio, fotografando edifici ed oggetti che potevano essere utilizzati per sostituire il palazzo originale con uno che fosse pi\u00f9 rappresentativo dell&#8217;eclettismo dell&#8217;architettura a Reggio Emilia oggi. L&#8217;obiettivo era quello di sfidare i preconcetti delle persone, ma anche di elevare letteralmente la condizione della periferia portando i suoi edifici, per la prima volta, in centro storico<\/p>\n<\/div><div class=\"accordian fusion-accordian\" style=\"--awb-border-size:0px;--awb-icon-size:22px;--awb-content-font-size:var(--awb-typography4-font-size);--awb-content-letter-spacing:var(--awb-typography4-letter-spacing);--awb-content-text-transform:var(--awb-typography4-text-transform);--awb-content-line-height:var(--awb-typography4-line-height);--awb-icon-alignment:left;--awb-hover-color:var(--awb-color2);--awb-border-color:var(--awb-color8);--awb-background-color:var(--awb-color2);--awb-divider-color:var(--awb-color5);--awb-divider-hover-color:var(--awb-custom_color_2);--awb-icon-color:var(--awb-color1);--awb-title-color:var(--awb-color8);--awb-content-color:var(--awb-color8);--awb-icon-box-color:var(--awb-color8);--awb-toggle-hover-accent-color:var(--awb-custom_color_2);--awb-toggle-active-accent-color:var(--awb-custom_color_2);--awb-title-font-family:&quot;Shentox Bold&quot;;--awb-title-font-weight:400;--awb-title-font-style:normal;--awb-title-font-size:22px;--awb-title-letter-spacing:0.08rem;--awb-title-line-height:1.35;--awb-content-font-family:var(--awb-typography4-font-family);--awb-content-font-weight:var(--awb-typography4-font-weight);--awb-content-font-style:var(--awb-typography4-font-style);\"><div class=\"panel-group fusion-toggle-icon-boxed\" id=\"accordion-5626-1\"><div class=\"fusion-panel panel-default panel-6e855f47ed650c45c fusion-toggle-no-divider fusion-toggle-boxed-mode\" style=\"--awb-title-color:var(--awb-color8);--awb-content-color:var(--awb-color8);\"><div class=\"panel-heading\"><h2 class=\"panel-title toggle\" id=\"toggle_6e855f47ed650c45c\"><a aria-expanded=\"false\" aria-controls=\"6e855f47ed650c45c\" role=\"button\" data-toggle=\"collapse\" data-parent=\"#accordion-5626-1\" data-target=\"#6e855f47ed650c45c\" href=\"#6e855f47ed650c45c\"><span class=\"fusion-toggle-icon-wrapper\" aria-hidden=\"true\"><i class=\"fa-fusion-box active-icon awb-icon-minus\" aria-hidden=\"true\"><\/i><i class=\"fa-fusion-box inactive-icon awb-icon-plus\" aria-hidden=\"true\"><\/i><\/span><span class=\"fusion-toggle-heading\">Biografia<\/span><\/a><\/h2><\/div><div id=\"6e855f47ed650c45c\" class=\"panel-collapse collapse \" aria-labelledby=\"toggle_6e855f47ed650c45c\"><div class=\"panel-body toggle-content fusion-clearfix\">\n<p>E&#8217; nata a Jersey, Channel Islands, nel 1974.<\/p>\n<p>La ricerca di Emily Allchurch si basa su quadri di grandi pittori europei, capolavori di artisti diversi come Giorgione, Claude, Friedrich e Turner. L&#8217;artista, in seguito, li ricompone in un linguaggio contemporaneo, dove ognuno di essi \u00e8 ricomposto attraverso centinaia di foto scattate in gran parte nell&#8217;area sud ed est di Londra, dove Allchurch vive e lavora. Usando il quadro come una guida, il suo obiettivo \u00e8 scoprire edifici e oggetti nell&#8217;area in cui si trova a lavorare, oggetti che possono essere usati per ripercorrere e aggiornare le composizioni originali. Queste immagini sono sovrapposte digitalmente per creare un collage senza congiunzioni e pittoricamente estetico, in cui il confine tra fotografia e pittura \u00e8 molto labile.<\/p>\n<\/div><\/div><\/div><\/div><\/div><\/div><\/div><div class=\"fusion-layout-column fusion_builder_column fusion-builder-column-2 fusion_builder_column_1_4 1_4 fusion-flex-column\" style=\"--awb-bg-size:cover;--awb-width-large:25%;--awb-margin-top-large:0px;--awb-spacing-right-large:7.68%;--awb-margin-bottom-large:20px;--awb-spacing-left-large:7.68%;--awb-width-medium:25%;--awb-order-medium:0;--awb-spacing-right-medium:7.68%;--awb-spacing-left-medium:7.68%;--awb-width-small:100%;--awb-order-small:0;--awb-spacing-right-small:1.92%;--awb-spacing-left-small:1.92%;\"><div class=\"fusion-column-wrapper fusion-column-has-shadow fusion-flex-justify-content-flex-start fusion-content-layout-column\"><div ><a class=\"fusion-button button-flat fusion-button-default-size button-custom fusion-button-default button-1 fusion-button-span-yes fusion-button-span-default-medium fusion-button-default-type\" style=\"--awb-margin-bottom:2rem;--button_accent_color:var(--awb-color1);--button_border_color:var(--awb-custom_color_2);--button_accent_hover_color:var(--awb-color1);--button_border_hover_color:var(--awb-color8);--button_gradient_top_color:var(--awb-custom_color_2);--button_gradient_bottom_color:var(--awb-custom_color_2);--button_gradient_top_color_hover:var(--awb-color8);--button_gradient_bottom_color_hover:var(--awb-color8);\" target=\"_self\" data-hover=\"icon_slide\" href=\"https:\/\/www.fotografiaeuropea.it\/archivio\/archivio-edizioni-di-fotografia-europea\/fotografia-europea-2006\"><span class=\"fusion-button-text awb-button__text awb-button__text--default\">Edizione 2006<\/span><i class=\"icon-dance-arrow awb-button__icon awb-button__icon--default button-icon-right\" aria-hidden=\"true\"><\/i><\/a><\/div><div class=\"fusion-text fusion-text-3\"><h3>Sede<\/h3>\n<p>Galleria Parmeggiani<br \/>\ncorso Cairoli 2<\/p>\n<\/div><\/div><\/div><\/div><\/div>\n","protected":false},"excerpt":{"rendered":"","protected":false},"author":1,"featured_media":5628,"menu_order":0,"comment_status":"closed","ping_status":"closed","template":"","format":"standard","meta":{"footnotes":""},"portfolio_category":[71],"portfolio_skills":[],"portfolio_tags":[32],"class_list":["post-5626","avada_portfolio","type-avada_portfolio","status-publish","format-standard","has-post-thumbnail","hentry","portfolio_category-galleria-parmeggiani","portfolio_tags-32"],"_links":{"self":[{"href":"https:\/\/www.fotografiaeuropea.it\/archivio\/wp-json\/wp\/v2\/avada_portfolio\/5626","targetHints":{"allow":["GET"]}}],"collection":[{"href":"https:\/\/www.fotografiaeuropea.it\/archivio\/wp-json\/wp\/v2\/avada_portfolio"}],"about":[{"href":"https:\/\/www.fotografiaeuropea.it\/archivio\/wp-json\/wp\/v2\/types\/avada_portfolio"}],"author":[{"embeddable":true,"href":"https:\/\/www.fotografiaeuropea.it\/archivio\/wp-json\/wp\/v2\/users\/1"}],"replies":[{"embeddable":true,"href":"https:\/\/www.fotografiaeuropea.it\/archivio\/wp-json\/wp\/v2\/comments?post=5626"}],"version-history":[{"count":1,"href":"https:\/\/www.fotografiaeuropea.it\/archivio\/wp-json\/wp\/v2\/avada_portfolio\/5626\/revisions"}],"predecessor-version":[{"id":5629,"href":"https:\/\/www.fotografiaeuropea.it\/archivio\/wp-json\/wp\/v2\/avada_portfolio\/5626\/revisions\/5629"}],"wp:featuredmedia":[{"embeddable":true,"href":"https:\/\/www.fotografiaeuropea.it\/archivio\/wp-json\/wp\/v2\/media\/5628"}],"wp:attachment":[{"href":"https:\/\/www.fotografiaeuropea.it\/archivio\/wp-json\/wp\/v2\/media?parent=5626"}],"wp:term":[{"taxonomy":"portfolio_category","embeddable":true,"href":"https:\/\/www.fotografiaeuropea.it\/archivio\/wp-json\/wp\/v2\/portfolio_category?post=5626"},{"taxonomy":"portfolio_skills","embeddable":true,"href":"https:\/\/www.fotografiaeuropea.it\/archivio\/wp-json\/wp\/v2\/portfolio_skills?post=5626"},{"taxonomy":"portfolio_tags","embeddable":true,"href":"https:\/\/www.fotografiaeuropea.it\/archivio\/wp-json\/wp\/v2\/portfolio_tags?post=5626"}],"curies":[{"name":"wp","href":"https:\/\/api.w.org\/{rel}","templated":true}]}}