{"id":5618,"date":"2026-04-16T09:53:55","date_gmt":"2026-04-16T07:53:55","guid":{"rendered":"https:\/\/www.fotografiaeuropea.it\/archivio\/?post_type=avada_portfolio&#038;p=5618"},"modified":"2026-04-16T10:00:12","modified_gmt":"2026-04-16T08:00:12","slug":"gosbert-adler","status":"publish","type":"avada_portfolio","link":"https:\/\/www.fotografiaeuropea.it\/archivio\/mostre\/gosbert-adler\/","title":{"rendered":"Gosbert Adler"},"content":{"rendered":"<div class=\"fusion-fullwidth fullwidth-box fusion-builder-row-1 fusion-flex-container has-pattern-background has-mask-background hundred-percent-fullwidth non-hundred-percent-height-scrolling fusion-animated\" style=\"--awb-border-radius-top-left:0px;--awb-border-radius-top-right:0px;--awb-border-radius-bottom-right:0px;--awb-border-radius-bottom-left:0px;--awb-padding-top:0px;--awb-padding-left:0px;--awb-padding-top-medium:0%;--awb-padding-right-medium:0px;--awb-padding-bottom-medium:0%;--awb-background-color:var(--awb-color1);--awb-flex-wrap:wrap;\" data-animationType=\"fadeIn\" data-animationDuration=\"0.4\" data-animationDelay=\"0.2\" data-animationOffset=\"top-into-view\" ><div class=\"fusion-builder-row fusion-row fusion-flex-align-items-stretch fusion-flex-justify-content-center fusion-flex-content-wrap\" style=\"width:104% !important;max-width:104% !important;margin-left: calc(-4% \/ 2 );margin-right: calc(-4% \/ 2 );\"><div class=\"fusion-layout-column fusion_builder_column fusion-builder-column-0 fusion_builder_column_1_1 1_1 fusion-flex-column\" style=\"--awb-bg-size:cover;--awb-width-large:100%;--awb-margin-top-large:0px;--awb-spacing-right-large:1.92%;--awb-margin-bottom-large:20px;--awb-spacing-left-large:1.92%;--awb-width-medium:100%;--awb-order-medium:0;--awb-spacing-right-medium:1.92%;--awb-spacing-left-medium:1.92%;--awb-width-small:100%;--awb-order-small:0;--awb-spacing-right-small:1.92%;--awb-spacing-left-small:1.92%;\"><div class=\"fusion-column-wrapper fusion-column-has-shadow fusion-flex-justify-content-flex-start fusion-content-layout-column\"><div class=\"awb-gallery-wrapper awb-gallery-wrapper-1 button-span-no\" style=\"--more-btn-alignment:center;margin-bottom:2.5rem;\"><div style=\"margin:-5px;--awb-aspect-ratio:1 \/ 1;--awb-bordersize:0px;--awb-caption-title-size:var(--awb-typography5-font-size);--awb-caption-title-transform:var(--awb-typography5-text-transform);--awb-caption-title-line-height:var(--awb-typography5-line-height);--awb-caption-title-letter-spacing:var(--awb-typography5-letter-spacing);--awb-caption-text-size:12px;--awb-caption-text-transform:uppercase;--awb-caption-text-line-height:1.35;--awb-caption-text-letter-spacing:0.08em;--awb-caption-overlay-color:var(--awb-color8);--awb-caption-background-color:var(--awb-custom_color_2);--awb-caption-margin-top:1rem;--awb-caption-margin-bottom:1rem;--awb-caption-title-font-family:var(--awb-typography5-font-family);--awb-caption-title-font-weight:var(--awb-typography5-font-weight);--awb-caption-title-font-style:var(--awb-typography5-font-style);--awb-caption-text-font-family:&quot;Shentox Bold&quot;;--awb-caption-text-font-style:normal;--awb-caption-text-font-weight:400;--awb-columns-medium:33.3333%;\" class=\"fusion-gallery fusion-gallery-container fusion-grid-3 fusion-columns-total-3 fusion-gallery-layout-grid fusion-gallery-1 has-aspect-ratio\"><div style=\"padding:5px;\" class=\"fusion-grid-column fusion-gallery-column fusion-gallery-column-3 hover-type-zoomin awb-imageframe-style awb-imageframe-style-below awb-imageframe-style-1\"><div class=\"fusion-gallery-image\"><a href=\"https:\/\/www.fotografiaeuropea.it\/archivio\/wp-content\/uploads\/sites\/2\/2026\/04\/20060224185050.jpg\" data-title=\"20060224185050\" title=\"20060224185050\" rel=\"noreferrer\" data-rel=\"iLightbox[gallery_image_1]\" class=\"fusion-lightbox\" target=\"_self\"><img decoding=\"async\" src=\"https:\/\/www.fotografiaeuropea.it\/archivio\/wp-content\/uploads\/sites\/2\/2026\/04\/20060224185050.jpg\" data-orig-src=\"https:\/\/www.fotografiaeuropea.it\/archivio\/wp-content\/uploads\/sites\/2\/2026\/04\/20060224185050.jpg\" width=\"530\" height=\"229\" alt=\"\" title=\"20060224185050\" aria-label=\"20060224185050\" class=\"lazyload img-responsive wp-image-5621\" style=\"object-position:23% 52%;\" srcset=\"data:image\/svg+xml,%3Csvg%20xmlns%3D%27http%3A%2F%2Fwww.w3.org%2F2000%2Fsvg%27%20width%3D%27530%27%20height%3D%27229%27%20viewBox%3D%270%200%20530%20229%27%3E%3Crect%20width%3D%27530%27%20height%3D%27229%27%20fill-opacity%3D%220%22%2F%3E%3C%2Fsvg%3E\" data-srcset=\"https:\/\/www.fotografiaeuropea.it\/archivio\/wp-content\/uploads\/sites\/2\/2026\/04\/20060224185050-200x86.jpg 200w, https:\/\/www.fotografiaeuropea.it\/archivio\/wp-content\/uploads\/sites\/2\/2026\/04\/20060224185050-400x173.jpg 400w, https:\/\/www.fotografiaeuropea.it\/archivio\/wp-content\/uploads\/sites\/2\/2026\/04\/20060224185050.jpg 530w\" data-sizes=\"auto\" data-orig-sizes=\"(min-width: 2200px) 100vw, (min-width: 784px) 397px, (min-width: 712px) 595px, (min-width: 640px) 712px, \" \/><\/a><\/div><div class=\"awb-imageframe-caption-container\"><div class=\"awb-imageframe-caption\"><div class=\"awb-imageframe-caption-title\">20060224185050<\/div><\/div><\/div><\/div><div style=\"padding:5px;\" class=\"fusion-grid-column fusion-gallery-column fusion-gallery-column-3 hover-type-zoomin awb-imageframe-style awb-imageframe-style-below awb-imageframe-style-1\"><div class=\"fusion-gallery-image\"><a href=\"https:\/\/www.fotografiaeuropea.it\/archivio\/wp-content\/uploads\/sites\/2\/2026\/04\/20060224184954.jpg\" data-title=\"20060224184954\" title=\"20060224184954\" rel=\"noreferrer\" data-rel=\"iLightbox[gallery_image_1]\" class=\"fusion-lightbox\" target=\"_self\"><img decoding=\"async\" src=\"https:\/\/www.fotografiaeuropea.it\/archivio\/wp-content\/uploads\/sites\/2\/2026\/04\/20060224184954.jpg\" data-orig-src=\"https:\/\/www.fotografiaeuropea.it\/archivio\/wp-content\/uploads\/sites\/2\/2026\/04\/20060224184954.jpg\" width=\"531\" height=\"256\" alt=\"\" title=\"20060224184954\" aria-label=\"20060224184954\" class=\"lazyload img-responsive wp-image-5623\" style=\"object-position:23% 52%;\" srcset=\"data:image\/svg+xml,%3Csvg%20xmlns%3D%27http%3A%2F%2Fwww.w3.org%2F2000%2Fsvg%27%20width%3D%27531%27%20height%3D%27256%27%20viewBox%3D%270%200%20531%20256%27%3E%3Crect%20width%3D%27531%27%20height%3D%27256%27%20fill-opacity%3D%220%22%2F%3E%3C%2Fsvg%3E\" data-srcset=\"https:\/\/www.fotografiaeuropea.it\/archivio\/wp-content\/uploads\/sites\/2\/2026\/04\/20060224184954-200x96.jpg 200w, https:\/\/www.fotografiaeuropea.it\/archivio\/wp-content\/uploads\/sites\/2\/2026\/04\/20060224184954-400x193.jpg 400w, https:\/\/www.fotografiaeuropea.it\/archivio\/wp-content\/uploads\/sites\/2\/2026\/04\/20060224184954.jpg 531w\" data-sizes=\"auto\" data-orig-sizes=\"(min-width: 2200px) 100vw, (min-width: 784px) 397px, (min-width: 712px) 595px, (min-width: 640px) 712px, \" \/><\/a><\/div><div class=\"awb-imageframe-caption-container\"><div class=\"awb-imageframe-caption\"><div class=\"awb-imageframe-caption-title\">20060224184954<\/div><\/div><\/div><\/div><div style=\"padding:5px;\" class=\"fusion-grid-column fusion-gallery-column fusion-gallery-column-3 hover-type-zoomin awb-imageframe-style awb-imageframe-style-below awb-imageframe-style-1\"><div class=\"fusion-gallery-image\"><a href=\"https:\/\/www.fotografiaeuropea.it\/archivio\/wp-content\/uploads\/sites\/2\/2026\/04\/20060224185021.jpg\" data-title=\"20060224185021\" title=\"20060224185021\" rel=\"noreferrer\" data-rel=\"iLightbox[gallery_image_1]\" class=\"fusion-lightbox\" target=\"_self\"><img decoding=\"async\" src=\"https:\/\/www.fotografiaeuropea.it\/archivio\/wp-content\/uploads\/sites\/2\/2026\/04\/20060224185021.jpg\" data-orig-src=\"https:\/\/www.fotografiaeuropea.it\/archivio\/wp-content\/uploads\/sites\/2\/2026\/04\/20060224185021.jpg\" width=\"531\" height=\"256\" alt=\"\" title=\"20060224185021\" aria-label=\"20060224185021\" class=\"lazyload img-responsive wp-image-5624\" style=\"object-position:23% 52%;\" srcset=\"data:image\/svg+xml,%3Csvg%20xmlns%3D%27http%3A%2F%2Fwww.w3.org%2F2000%2Fsvg%27%20width%3D%27531%27%20height%3D%27256%27%20viewBox%3D%270%200%20531%20256%27%3E%3Crect%20width%3D%27531%27%20height%3D%27256%27%20fill-opacity%3D%220%22%2F%3E%3C%2Fsvg%3E\" data-srcset=\"https:\/\/www.fotografiaeuropea.it\/archivio\/wp-content\/uploads\/sites\/2\/2026\/04\/20060224185021-200x96.jpg 200w, https:\/\/www.fotografiaeuropea.it\/archivio\/wp-content\/uploads\/sites\/2\/2026\/04\/20060224185021-400x193.jpg 400w, https:\/\/www.fotografiaeuropea.it\/archivio\/wp-content\/uploads\/sites\/2\/2026\/04\/20060224185021.jpg 531w\" data-sizes=\"auto\" data-orig-sizes=\"(min-width: 2200px) 100vw, (min-width: 784px) 397px, (min-width: 712px) 595px, (min-width: 640px) 712px, \" \/><\/a><\/div><div class=\"awb-imageframe-caption-container\"><div class=\"awb-imageframe-caption\"><div class=\"awb-imageframe-caption-title\">20060224185021<\/div><\/div><\/div><\/div><div class=\"clearfix\"><\/div><\/div><\/div><\/div><\/div><div class=\"fusion-layout-column fusion_builder_column fusion-builder-column-1 fusion_builder_column_3_4 3_4 fusion-flex-column fusion-flex-align-self-flex-start\" style=\"--awb-bg-color:rgba(255,255,255,0);--awb-bg-color-hover:rgba(255,255,255,0);--awb-bg-size:cover;--awb-width-large:75%;--awb-margin-top-large:0px;--awb-spacing-right-large:2.56%;--awb-margin-bottom-large:0px;--awb-spacing-left-large:2.56%;--awb-width-medium:75%;--awb-order-medium:0;--awb-spacing-right-medium:2.56%;--awb-margin-bottom-medium:0px;--awb-spacing-left-medium:2.56%;--awb-width-small:100%;--awb-order-small:0;--awb-spacing-right-small:1.92%;--awb-spacing-left-small:1.92%;\" data-scroll-devices=\"small-visibility,medium-visibility,large-visibility\"><div class=\"fusion-column-wrapper fusion-column-has-shadow fusion-flex-justify-content-space-between fusion-content-layout-column\"><div class=\"fusion-text fusion-text-1 fusion-text-no-margin\" style=\"--awb-margin-bottom:1rem;\"><h2>Streets, cars and drivers<\/h2>\n<\/div><div class=\"fusion-text fusion-text-2\"><p>Sono venuto qui a Reggio Emilia con un&#8217;idea; ero interessato alle auto, e volevo continuare a lavorare sulle auto, dato che anche l&#8217;anno scorso mi sono occupato di questo soggetto.<br \/>\nMi interessava l&#8217;idea di lavorare in un Paese che conoscevo per aspetti completamente diversi, come, ad esempio, un luogo di vacanza; penso sia interessante vedere un luogo con occhi diversi.<br \/>\nPer la Settimana della Fotografia Europea ho visitato luoghi come la periferia della citt\u00e0 e il confine delle province, come ad esempio il passaggio tra le citt\u00e0 di Reggio Emilia e quella di Parma o tra Reggio Emilia e Modena.<br \/>\nGeneralmente, fotografo posti dove non sono presenti le persone e successivamente, per queste, creo un altro palcoscenico ad hoc, come ad esempio nelle auto.<br \/>\nLa strada \u00e8 il confine tra le vita privata e la vita pubblica, al limite, se si vuole. La questione del tema, in questo caso del Limite e del Confine, si pone per me in questi termini: mi pu\u00f2 essere utile come punto di partenza? Risulta essere rilevante per me? E successivamente procedo al lavoro, senza riflettere pi\u00f9 sul tema. Tutto deve prendere forma in maniera autonoma.<br \/>\nNei miei lavori passati mi sono occupato della vita privata delle persone attraverso gli oggetti che esse conservano o dalle quali sono circondate; si potrebbe dire che il mio lavoro ha sempre costantemente a che fare con i confini e con i limiti.<br \/>\nTrovo interessante la situazione in cui l&#8217;auto \u00e8 ferma al semaforo rosso; si tratta di un momento in cui le persone sono presenti a se stesse, sono quindi concentrate. A volte lasciano che il proprio sguardo vaghi, ma \u00e8 come se stessero, per usare un&#8217;espressione tedesca, &#8220;in vetrina&#8221;, ma fondamentalmente si sentono presenti a se stessi. Tutti abbiamo presente la situazione in cui siamo fermi al semaforo ed abbiamo la sensazione di essere seduti a casa nostra, ed \u00e8 questa \u00e8 la situazione che mi interessa fotografare. Non si tratta di veri e propri ritratti perch\u00e9 a volte l&#8217;inquadratura riprende le persone da dietro o di lato. Mi interessa, quindi, la correlazione tra la sfera privata e quella pubblica; l&#8217;essere in auto pu\u00f2 essere un momento significativo per il mio progetto.<\/p>\n<\/div><div class=\"accordian fusion-accordian\" style=\"--awb-border-size:0px;--awb-icon-size:22px;--awb-content-font-size:var(--awb-typography4-font-size);--awb-content-letter-spacing:var(--awb-typography4-letter-spacing);--awb-content-text-transform:var(--awb-typography4-text-transform);--awb-content-line-height:var(--awb-typography4-line-height);--awb-icon-alignment:left;--awb-hover-color:var(--awb-color2);--awb-border-color:var(--awb-color8);--awb-background-color:var(--awb-color2);--awb-divider-color:var(--awb-color5);--awb-divider-hover-color:var(--awb-custom_color_2);--awb-icon-color:var(--awb-color1);--awb-title-color:var(--awb-color8);--awb-content-color:var(--awb-color8);--awb-icon-box-color:var(--awb-color8);--awb-toggle-hover-accent-color:var(--awb-custom_color_2);--awb-toggle-active-accent-color:var(--awb-custom_color_2);--awb-title-font-family:&quot;Shentox Bold&quot;;--awb-title-font-weight:400;--awb-title-font-style:normal;--awb-title-font-size:22px;--awb-title-letter-spacing:0.08rem;--awb-title-line-height:1.35;--awb-content-font-family:var(--awb-typography4-font-family);--awb-content-font-weight:var(--awb-typography4-font-weight);--awb-content-font-style:var(--awb-typography4-font-style);\"><div class=\"panel-group fusion-toggle-icon-boxed\" id=\"accordion-5618-1\"><div class=\"fusion-panel panel-default panel-3ad8378e2a270a861 fusion-toggle-no-divider fusion-toggle-boxed-mode\" style=\"--awb-title-color:var(--awb-color8);--awb-content-color:var(--awb-color8);\"><div class=\"panel-heading\"><h2 class=\"panel-title toggle\" id=\"toggle_3ad8378e2a270a861\"><a aria-expanded=\"false\" aria-controls=\"3ad8378e2a270a861\" role=\"button\" data-toggle=\"collapse\" data-parent=\"#accordion-5618-1\" data-target=\"#3ad8378e2a270a861\" href=\"#3ad8378e2a270a861\"><span class=\"fusion-toggle-icon-wrapper\" aria-hidden=\"true\"><i class=\"fa-fusion-box active-icon awb-icon-minus\" aria-hidden=\"true\"><\/i><i class=\"fa-fusion-box inactive-icon awb-icon-plus\" aria-hidden=\"true\"><\/i><\/span><span class=\"fusion-toggle-heading\">Biografia<\/span><\/a><\/h2><\/div><div id=\"3ad8378e2a270a861\" class=\"panel-collapse collapse \" aria-labelledby=\"toggle_3ad8378e2a270a861\"><div class=\"panel-body toggle-content fusion-clearfix\">\n<p>Gosbert Adler \u00e8 nato a Essen nel 1952. Oggi vive e lavora a Berlino.<br \/>\nLa sua ricerca fotografica per Storie urbane, nella citt\u00e0 di Reggio Emilia, si \u00e8 concentrata sul paesaggio e sull&#8217;ambiente. Ha fotografato in zone periferiche di Reggio Emilia, in particolare nei dintorni del torrente Crostolo, con un interesse specifico nei confronti delle persone all&#8217;interno delle automobili, e ci\u00f2 che la gente vi lascia dentro. L&#8217;autore cerca il limite tra la vita privata e quella pubblica e vede le automobili come appartamenti semovibili che attraversano il paesaggio urbano.<\/p>\n<\/div><\/div><\/div><\/div><\/div><\/div><\/div><div class=\"fusion-layout-column fusion_builder_column fusion-builder-column-2 fusion_builder_column_1_4 1_4 fusion-flex-column\" style=\"--awb-bg-size:cover;--awb-width-large:25%;--awb-margin-top-large:0px;--awb-spacing-right-large:7.68%;--awb-margin-bottom-large:20px;--awb-spacing-left-large:7.68%;--awb-width-medium:25%;--awb-order-medium:0;--awb-spacing-right-medium:7.68%;--awb-spacing-left-medium:7.68%;--awb-width-small:100%;--awb-order-small:0;--awb-spacing-right-small:1.92%;--awb-spacing-left-small:1.92%;\"><div class=\"fusion-column-wrapper fusion-column-has-shadow fusion-flex-justify-content-flex-start fusion-content-layout-column\"><div ><a class=\"fusion-button button-flat fusion-button-default-size button-custom fusion-button-default button-1 fusion-button-span-yes fusion-button-span-default-medium fusion-button-default-type\" style=\"--awb-margin-bottom:2rem;--button_accent_color:var(--awb-color1);--button_border_color:var(--awb-custom_color_2);--button_accent_hover_color:var(--awb-color1);--button_border_hover_color:var(--awb-color8);--button_gradient_top_color:var(--awb-custom_color_2);--button_gradient_bottom_color:var(--awb-custom_color_2);--button_gradient_top_color_hover:var(--awb-color8);--button_gradient_bottom_color_hover:var(--awb-color8);\" target=\"_self\" data-hover=\"icon_slide\" href=\"https:\/\/www.fotografiaeuropea.it\/archivio\/archivio-edizioni-di-fotografia-europea\/fotografia-europea-2006\"><span class=\"fusion-button-text awb-button__text awb-button__text--default\">Edizione 2006<\/span><i class=\"icon-dance-arrow awb-button__icon awb-button__icon--default button-icon-right\" aria-hidden=\"true\"><\/i><\/a><\/div><div class=\"fusion-text fusion-text-3\"><h3>Sede<\/h3>\n<p>Biblioteca Panizzi<br \/>\nvia Farini 3<\/p>\n<\/div><\/div><\/div><\/div><\/div>\n","protected":false},"excerpt":{"rendered":"","protected":false},"author":1,"featured_media":5621,"menu_order":0,"comment_status":"closed","ping_status":"closed","template":"","format":"standard","meta":{"footnotes":""},"portfolio_category":[53],"portfolio_skills":[],"portfolio_tags":[32],"class_list":["post-5618","avada_portfolio","type-avada_portfolio","status-publish","format-standard","has-post-thumbnail","hentry","portfolio_category-biblioteca-panizzi","portfolio_tags-32"],"_links":{"self":[{"href":"https:\/\/www.fotografiaeuropea.it\/archivio\/wp-json\/wp\/v2\/avada_portfolio\/5618","targetHints":{"allow":["GET"]}}],"collection":[{"href":"https:\/\/www.fotografiaeuropea.it\/archivio\/wp-json\/wp\/v2\/avada_portfolio"}],"about":[{"href":"https:\/\/www.fotografiaeuropea.it\/archivio\/wp-json\/wp\/v2\/types\/avada_portfolio"}],"author":[{"embeddable":true,"href":"https:\/\/www.fotografiaeuropea.it\/archivio\/wp-json\/wp\/v2\/users\/1"}],"replies":[{"embeddable":true,"href":"https:\/\/www.fotografiaeuropea.it\/archivio\/wp-json\/wp\/v2\/comments?post=5618"}],"version-history":[{"count":4,"href":"https:\/\/www.fotografiaeuropea.it\/archivio\/wp-json\/wp\/v2\/avada_portfolio\/5618\/revisions"}],"predecessor-version":[{"id":5625,"href":"https:\/\/www.fotografiaeuropea.it\/archivio\/wp-json\/wp\/v2\/avada_portfolio\/5618\/revisions\/5625"}],"wp:featuredmedia":[{"embeddable":true,"href":"https:\/\/www.fotografiaeuropea.it\/archivio\/wp-json\/wp\/v2\/media\/5621"}],"wp:attachment":[{"href":"https:\/\/www.fotografiaeuropea.it\/archivio\/wp-json\/wp\/v2\/media?parent=5618"}],"wp:term":[{"taxonomy":"portfolio_category","embeddable":true,"href":"https:\/\/www.fotografiaeuropea.it\/archivio\/wp-json\/wp\/v2\/portfolio_category?post=5618"},{"taxonomy":"portfolio_skills","embeddable":true,"href":"https:\/\/www.fotografiaeuropea.it\/archivio\/wp-json\/wp\/v2\/portfolio_skills?post=5618"},{"taxonomy":"portfolio_tags","embeddable":true,"href":"https:\/\/www.fotografiaeuropea.it\/archivio\/wp-json\/wp\/v2\/portfolio_tags?post=5618"}],"curies":[{"name":"wp","href":"https:\/\/api.w.org\/{rel}","templated":true}]}}