{"id":5433,"date":"2026-03-20T14:44:35","date_gmt":"2026-03-20T13:44:35","guid":{"rendered":"https:\/\/www.fotografiaeuropea.it\/archivio\/?post_type=avada_portfolio&#038;p=5433"},"modified":"2026-04-17T13:05:30","modified_gmt":"2026-04-17T11:05:30","slug":"marcello-grassi-e-fabrizio-orsi","status":"publish","type":"avada_portfolio","link":"https:\/\/www.fotografiaeuropea.it\/archivio\/mostre\/marcello-grassi-e-fabrizio-orsi\/","title":{"rendered":"Marcello Grassi e Fabrizio Orsi"},"content":{"rendered":"<div class=\"fusion-fullwidth fullwidth-box fusion-builder-row-1 fusion-flex-container has-pattern-background has-mask-background hundred-percent-fullwidth non-hundred-percent-height-scrolling fusion-animated\" style=\"--awb-border-radius-top-left:0px;--awb-border-radius-top-right:0px;--awb-border-radius-bottom-right:0px;--awb-border-radius-bottom-left:0px;--awb-padding-top:0px;--awb-padding-left:0px;--awb-padding-top-medium:0%;--awb-padding-right-medium:0px;--awb-padding-bottom-medium:0%;--awb-background-color:var(--awb-color1);--awb-flex-wrap:wrap;\" data-animationType=\"fadeIn\" data-animationDuration=\"0.4\" data-animationDelay=\"0.2\" data-animationOffset=\"top-into-view\" ><div class=\"fusion-builder-row fusion-row fusion-flex-align-items-stretch fusion-flex-justify-content-center fusion-flex-content-wrap\" style=\"width:104% !important;max-width:104% !important;margin-left: calc(-4% \/ 2 );margin-right: calc(-4% \/ 2 );\"><div class=\"fusion-layout-column fusion_builder_column fusion-builder-column-0 fusion_builder_column_1_1 1_1 fusion-flex-column\" style=\"--awb-bg-size:cover;--awb-width-large:100%;--awb-margin-top-large:0px;--awb-spacing-right-large:1.92%;--awb-margin-bottom-large:20px;--awb-spacing-left-large:1.92%;--awb-width-medium:100%;--awb-order-medium:0;--awb-spacing-right-medium:1.92%;--awb-spacing-left-medium:1.92%;--awb-width-small:100%;--awb-order-small:0;--awb-spacing-right-small:1.92%;--awb-spacing-left-small:1.92%;\"><div class=\"fusion-column-wrapper fusion-column-has-shadow fusion-flex-justify-content-flex-start fusion-content-layout-column\"><div class=\"awb-gallery-wrapper awb-gallery-wrapper-1 button-span-no\" style=\"--more-btn-alignment:center;margin-bottom:2.5rem;\"><div style=\"margin:-5px;--awb-aspect-ratio:1 \/ 1;--awb-bordersize:0px;--awb-caption-title-size:var(--awb-typography5-font-size);--awb-caption-title-transform:var(--awb-typography5-text-transform);--awb-caption-title-line-height:var(--awb-typography5-line-height);--awb-caption-title-letter-spacing:var(--awb-typography5-letter-spacing);--awb-caption-text-size:12px;--awb-caption-text-transform:uppercase;--awb-caption-text-line-height:1.35;--awb-caption-text-letter-spacing:0.08em;--awb-caption-overlay-color:var(--awb-color8);--awb-caption-background-color:var(--awb-custom_color_2);--awb-caption-margin-top:1rem;--awb-caption-margin-bottom:1rem;--awb-caption-title-font-family:var(--awb-typography5-font-family);--awb-caption-title-font-weight:var(--awb-typography5-font-weight);--awb-caption-title-font-style:var(--awb-typography5-font-style);--awb-caption-text-font-family:&quot;Shentox Bold&quot;;--awb-caption-text-font-style:normal;--awb-caption-text-font-weight:400;--awb-columns-medium:33.3333%;\" class=\"fusion-gallery fusion-gallery-container fusion-grid-3 fusion-columns-total-0 fusion-gallery-layout-grid fusion-gallery-1 has-aspect-ratio\"><\/div><\/div><\/div><\/div><div class=\"fusion-layout-column fusion_builder_column fusion-builder-column-1 fusion_builder_column_3_4 3_4 fusion-flex-column fusion-flex-align-self-flex-start\" style=\"--awb-bg-color:rgba(255,255,255,0);--awb-bg-color-hover:rgba(255,255,255,0);--awb-bg-size:cover;--awb-width-large:75%;--awb-margin-top-large:0px;--awb-spacing-right-large:2.56%;--awb-margin-bottom-large:0px;--awb-spacing-left-large:2.56%;--awb-width-medium:75%;--awb-order-medium:0;--awb-spacing-right-medium:2.56%;--awb-margin-bottom-medium:0px;--awb-spacing-left-medium:2.56%;--awb-width-small:100%;--awb-order-small:0;--awb-spacing-right-small:1.92%;--awb-spacing-left-small:1.92%;\" data-scroll-devices=\"small-visibility,medium-visibility,large-visibility\"><div class=\"fusion-column-wrapper fusion-column-has-shadow fusion-flex-justify-content-space-between fusion-content-layout-column\"><div class=\"fusion-text fusion-text-1 fusion-text-no-margin\" style=\"--awb-margin-bottom:1rem;\"><h2>Identit\u00e0 tra le citt\u00e0 d\u2019Europa. Berlino<\/h2>\n<\/div><div class=\"fusion-text fusion-text-2\"><p>I<br \/>\nSono sempre gli occhi.<\/p>\n<p>Della fotografia si dice che sia un &#8220;tempo ibernato&#8221;. Il tempo universale fluisce via, poderoso e impressionante, ma il fotografo riesce a strappargli il momento che vale la pena immortalare. Nelle buone fotografie c&#8217;\u00e8 sempre qualcosa che raggiunge il culmine. Il prima e il dopo sono consueti, solo il momento in cui l&#8217;otturatore fa clic \u00e8 qualcosa di particolare. Il protagonista di un mio romanzo scopre il proprio talento per la fotografia durante una battuta di caccia; \u00e8 su un altana con il fucile in spalla e sta aspet-tando, quando ad un tratto, seguendo una propria intuizione, spara nella notte nera e colpisce un cinghiale. Non lo ha visto, ma nel momento in cui preme il grilletto, lui \u00e8 l\u00e0. Questa chiaroveggenza \u00e8 un talento predestinato al fotografo.<\/p>\n<p>Preda del fotografo \u00e8 perlopi\u00f9 l&#8217;espressione del volto, o pi\u00f9 precisamente l&#8217;espressione degli occhi. Dura un solo breve attimo &#8211; esiste in tedesco la bellissima parola Augenblick&#8217;, in cui l&#8217;attimo e l&#8217;inconfondibile espressione degli occhi coincidono in uno.\u00a0Un Augenblick, uno sguardo dimentico di s\u00e9 &#8211; che sia gioia, angoscia, conoscenza, lutto, dolore, fatica &#8211; questo \u00e8 ci\u00f2 che tutti i fotografi vogliono. L&#8217;ibernazione, si sa, \u00e8 una tecnica di conservazione, ed \u00e8 questo il modo in cui le fotografie riescono a conservare perfettamente l&#8217;attimo. Mi piacciono le fotografie che aprono le porte al caso e non mi piacciono quelle che tentano di disinnescarlo.<\/p>\n<p>II<\/p>\n<p>Se dovessi valutare i lavori di Marcello Grassi e Fabrizio Orsi con questi parametri allora non dovrebbero piacermi. Peggio ancora: dovrei rimproverare il fatto che nei loro lavori la fotografia viene venduta sotto co-sto. Di fatto per\u00f2 le fotografie di Grassi\/Orsi esercitano su di me un&#8217;attrazione ipnotica.\u00a0L&#8217;occhio si fissa e i pensieri iniziano a vagare. Come mai accade tutto ci\u00f2? Come fanno Grassi\/Orsi ad ottenere questo effetto?<br \/>\nLa decisione riguardo quanta parte debba avere il caso all&#8217;interno dell&#8217;immagine \u00e8 la decisione pi\u00f9 ardua che deve prendere un fotografo; \u00e8 ancora pi\u00f9 fondamentale della scelta di fotografare a colori o in bianco e nero. Un fotografo ha la possibilit\u00e0 di recarsi sul luogo di una guerra civile e sperare che ad un angolo di strada un colpo di fortuna gli permetta di scattare la fotografia di giornalismo dell&#8217;anno; ma pu\u00f2 anche soggiornare in una residenza per artisti, costruirsi con meticolosa cura uno spazio in cui disporre oggetti a suo piacimento e infine, dopo tre mesi di lavoro, fotografare questa scena inanimata. Voglio indagare la quantit\u00e0 di caso che Grassi\/Orsi ammettono, esattamente come voglio indagare il tipo di caso che Grassi\/Orsi eliminano.<\/p>\n<p>III<\/p>\n<p>Non sono mai gli occhi.<\/p>\n<p>Nelle fotografie di Grassi\/Orsi non c&#8217;\u00e8 l&#8217;Augenblick, nulla che raggiunga il culmine. Il prima era esattamente cos\u00ec come mostrano le foto. E anche il dopo, non \u00e8 diverso in nulla. Grassi\/Orsi per\u00f2 sono due fotografi professionisti, hanno fatto studi artistici, hanno lavorato in diversi campi della fotografia e alle spalle hanno diverse mostre.\u00a0Se si sono decisi contro l&#8217;attimo e contro il culmine, sapranno bene perch\u00e9 lo fanno.<\/p>\n<p>La spiegazione pi\u00f9 semplice \u00e8 questa: siccome gli occhi non si lasciano in alcun modo addomesticare, siccome quell&#8217;espressione del viso cosi forte e dimentica di s\u00e9 \u00e8 sempre un prodotto del caso, loro allora non la vogliono, poich\u00e9 essa non fa che distogliere dal continuo lavorare con un risultato affidabile. (Infatti, il fotografo che si trova nella zona di guerra civile pu\u00f2 rimanervi per un anno intero senza riuscire a scattare una sola fotografia utile, mentre quello che ha scelto la residenza per artisti alla fine dei tre mesi ha in mano almeno una foto.) Di fatto, per\u00f2, proprio le fotografie che &#8220;cor-rompono&#8221; con una forte espressione del volto, pi\u00f9 che attrarre la nostra attenzione sul momento emotivo, la distraggono da tutto il resto. La madre in lacrime sulla bara del figlio cattura la nostra attenzione di osservatori al punto tale che non ci interessa pi\u00f9 il fatto che la bara sia sontuosa o umile, che i fiori siano in ordine o non ci siano affatto, che il corteo funebre sia pacifico o armato.<\/p>\n<p>L&#8217;Augenblick, quello sguardo dell&#8217;occhio di grande effetto, forte, culminante non tollera al proprio fianco alcuna illustrazione, anzi la soffoca. Non vuole concorrenza. Ma perch\u00e9 accade ci\u00f2? Una fotografia pu\u00f2 raccontare cos\u00ec tante cose &#8211; basta solo lasciarle la parola. Proprio per questo motivo, Marcello Grassi e Fabrizio Orsi mirano ad un&#8217;altra preda. Non vogliono l&#8217;attimo, o meglio vogliono tutto tranne l&#8217;attimo. Lasciano che a parlare siano le loro immagini. Offrono le loro immagini alla scoperta.<\/p>\n<p>IV<\/p>\n<p>L&#8217;Augenblick, non gioca nessun ruolo nelle fotografie di Grassi\/Orsi. Quella parte di caso che penetra nelle immagini si realizza in ci\u00f2 che offre il soggetto. Non c&#8217;\u00e8 mai costruzione, niente \u00e8 stato eliminato o ag-giunto, nemmeno un riflettore. Lo scetticismo nei confronti dell&#8217;attimo \u00e8 tanto quanta la fiducia in ci\u00f2 che essi trovano. Poich\u00e9 nell&#8217;estate 2005 io stesso sono diventato il soggetto di una fotografia di Grassi\/Orsi, mi sono fatto un&#8217;idea del loro modo di lavorare.<\/p>\n<p>Si presentarono con l&#8217;intenzione di fotografare artisti e migranti che vivevano a Berli-no. lo risposi loro che ero solito trascorrere l&#8217;estate in campagna, non a Berlino. Nessun problema, dissero. Replicai che mi trovavo in un luogo segreto, e se qualcuno voleva farmi visita doveva salire su un treno, ricevere informazioni al cellulare, scendere alla stazione indicata e venir condotto a occhi bendati fino a casa mia. Nessun problema, dissero. Una volta arrivati, vollero vedere la stanza in cui passavo la maggior parte del mio tempo. Avevo comprato la casa un anno prima &#8211; una vecchia casa colonica &#8211; tutto era ancora molto spartano, incompiuto, inabitabile, ma soprattutto per nulla fotogenico. Vivevo tra mobili di recupero, tubature a vista che pendevano e spuntavano dalle pareti spoglie. Nessun problema, dissero. Grassi\/Orsi cercarono il posto dove piazzare la loro macchina e fotografarono l&#8217;umile sistemazione. Poi mi condussero a circa cinquanta metri dalla casa e l\u00ec mi fotografarono &#8211; accettando di buon grado i miei abiti e la mia espressione del volto. Niente messinscena, nessun assistente. Senza la minima discussione, presero ci\u00f2 che trovarono. Furono i fotografi pi\u00f9 facilmente contentabili con cui abbia mai avuto a che fare.<\/p>\n<p>Quando se ne andarono, mi resi conto che un paio di mesi pi\u00f9 tardi la mia stanza non avrebbe pi\u00f9 avuto nulla a che spartire con quella che era stata fotografata quel giorno. Quello non sono io!<\/p>\n<div>\n<p>V<\/p>\n<p>Se guardo ora le recenti fotografie di Marcello Grassi e Fabrizio Orsi, che possono venir classificate sotto il genere &#8220;ritratti&#8221; &#8211; mi viene curiosamente da pensare alla fotografia di animali. Che cosa hanno fatto? Hanno fotografato persone che conducono quasi esclusivamente un&#8217;esistenza molto consapevole e piena di aspirazioni: l&#8217;insegnante di danza, lo chef, lo stilista, la donna politica, l&#8217;artista, il pianista, il giornalista. 1 ritratti sono sempre scattati in esterno, mentre la parallela &#8220;stanza dell&#8217;autorealizzazione&#8221; (per dirla in modo tanto concettuale quanto indeterminato) \u00e8 sempre un interno. Le fotografie in esterni sono sempre nate nelle immediate vicinanze degli spazi interni. Tuttavia i personaggi, gli abitanti, i devastatori di quelle stanze non sono stati fotografati al loro interno, ma strappati al loro luogo di appartenenza, come se fossero stati evacuati. In quanto osservatore, ci\u00f2 risveglia in me il desiderio di vedere questi sradicati di nuovo nella loro dimora, nella loro tana, nel loro nido. \u00c8 anche interessante notare come un determinato ambiente e colui che lo abita sembrano costituire un&#8217;unit\u00e0 simbiotica.<\/p>\n<p>La vita avvezza al sacrificio che conduce l&#8217;insegnante di danza non \u00e8 ritratta solo nel suo corpo snello, vigoroso e nei lineamenti severi del volto, \u00e8 anche in una stanza ordinata e spoglia. Lo stilista di moda non ha il caos solo nel suo atelier, se lo porta costantemente dietro sotto forma di petti-natura. E il fatto che la donna politica abbia cos\u00ec tanto da fare da non trovare il tempo per mettere in ordine la sua stanza, \u00e8 immediatamente intuibile al solo vedere il suo volto stanco.\u00a0Sono questi nessi, cosi curiosamente evidenti, a farmi pensare alla fotografia di animali, che tende a prestare un&#8217;attenzione particolare a qualsiasi atto di adattamento, a quanto un determinato animale appartenga ad un ben determinato ambiente. Pi\u00f9 sopra, veniva in mente il concetto di &#8220;simbiosi&#8221; proveniente dalla biologia &#8211; e dunque non cos\u00ec lontano dalla fotografia di animali.<\/p>\n<p>VI<\/p>\n<p>L&#8217;umorismo contenuto nelle fotografie di Grassi\/Orsi \u00e8 un capitolo a s\u00e9, che dovr\u00e0 per\u00f2 scrivere qualcun altro. In quanto berlinese, mi \u00e8 d&#8217;obbligo commentare l&#8217;immagine di Berlino che mi viene incontro nelle fotografie di Grassi\/Orsi. Prima di tutto, una cosa: non \u00e8 semplice fotografare la Berlino di oggi. Berlino offre una molteplicit\u00e0 di soggetti unici e originali, e chi se ne lasci affascinare avr\u00e0 immediatamente di fronte a s\u00e9, come conseguenza, una citt\u00e0 folkloristica. D&#8217;altra parte poi, \u00e8 noioso rappresentare la dinamicit\u00e0, la crescita, il boom attraverso fotografie di grandi cantieri.<\/p>\n<p>Grassi\/Orsi mostrano Berlino attraverso il loro interesse per i berlinesi. E in particolare per quella categoria di berlinesi che hanno fatto avanzare in modo decisivo la citt\u00e0: i berlinesi d&#8217;elezione. Quei berlinesi che non vivono per caso in questa citt\u00e0, ma che l&#8217;hanno scelta in modo del tutto consapevole. \u00c8 soprattutto ai giovani artisti che Berlino offre due incommensurabili vantaggi, dei quali, l&#8217;uno \u00e8 evidente a tutti, l&#8217;altro pi\u00f9 nascosto. Quello evidente: Berlino \u00e8 una citt\u00e0 a buon mercato, in particolare per quanto riguarda gli affitti. Un decimo di quanto si paga a Londra, un sesto di Parigi, un quarto di Milano, un terzo di Monaco di Baviera. Il costo della vita \u00e8 abbordabile, e ci\u00f2 attrae molti giovani artisti da tutte le parti del mondo, che a Berlino si incontrano e creano un&#8217;atmosfera innovativa. Il vantaggio un po pi\u00f9 nascosto di Berlino \u00e8 costituito dall&#8217;indifferenza della citt\u00e0 e dalla povert\u00e0 in cui versa la pubblica amministrazione.<\/p>\n<p>Non suona proprio come un vantaggio, ma in realt\u00e0 lo \u00e8. Infatti, chi vuole iniziare una vita da artista a Berlino, pu\u00f2 mettersi il cuore in pace per quanto riguarda le sovvenzioni pubbliche. Non \u00e8 sufficiente avere buone intenzioni, bisogna essere veramente bravi.<\/p>\n<p>E il disinteresse dei berlinesi nei confronti di quanto accade nella loro citt\u00e0 inocula in ogni artista il vaccino della consapevolezza di dover pensare da subito ad una carriera di dimensioni mondiali. Perch\u00e9 in altra maniera, a Berlino non si emerge. Non esiste l&#8217;artista famoso solo a Berlino. (Mentre ci sono numerosi artisti conosciuti solo a Monaco e da nessun&#8217;altra parte.)<\/p>\n<p>Nelle fotografie di Orsi\/Grassi incontro la Berlino che ho conosciuto negli ultimi anni.<\/p>\n<p>Il minimalismo raffinato degli uffici, l&#8217;eleganza dei vecchi mattoni rossi, il ristorante monocromatico. E tutti quei visi non te-deschi. Gente capitata a Berlino per caso o che ha scelto in maniera consapevole di trasferirvisi, e che d\u00e0 l&#8217;impronta a questa citt\u00e0. Gente che non fa le solite cose, che sperimenta qualcosa di nuovo. \u00c8 sempre stato cos\u00ec, i berlinesi pi\u00f9 importanti non sono nati a Berlino.<\/p>\n<p>Questi spazi esistono naturalmente anche in altre citt\u00e0, non solo qui. Ma in quanto berlinese riconosco che per Berlino questi spazi e queste persone sono tanto nuovi quanto tipici. Grassi\/Orsi hanno fotografato esattamente tutto questo, ci\u00f2 che distingue la Berlino di oggi da quella di dieci anni fa.<\/p>\n<\/div>\n<div>\n<p>VII<\/p>\n<p>Ma \u00e8 poi vero che Grassi\/Orsi non sono interessati all&#8217;attimo? O semplicemente lo definiscono in altro modo? Chi ha mai detto che per un fotografo l&#8217;attimo debba essere lungo come lo &#8220;sguardo dell&#8217;occhio&#8221; , come\u00a0l&#8217;Augenblick? Forse l&#8217;attimo ritratto da Marcello Grassi e Fabrizio Orsi \u00e8 pi\u00f9 lungo, molto pi\u00f9 lungo. Forse il loro attimo non dura solo frazione di secondi, ma anni. Forse le loro fotografie sono le pi\u00f9 lente che si possano immaginare. Forse \u00e8 questo il motivo per cui in queste immagini il mio sguardo naufraga. E forse, pi\u00f9 il tempo passa, pi\u00f9 queste immagini diventano interessanti.<\/p>\n<p>Certo, sono tutte speculazioni. La mia camera per\u00f2 continua ad avere lo stesso aspetto di allora, quando \u00e8 stata fotografata.<\/p>\n<p>Thomas Brussig<\/p>\n<\/div>\n<div><\/div>\n<\/div><div class=\"accordian fusion-accordian\" style=\"--awb-border-size:0px;--awb-icon-size:22px;--awb-content-font-size:var(--awb-typography4-font-size);--awb-content-letter-spacing:var(--awb-typography4-letter-spacing);--awb-content-text-transform:var(--awb-typography4-text-transform);--awb-content-line-height:var(--awb-typography4-line-height);--awb-icon-alignment:left;--awb-hover-color:var(--awb-color2);--awb-border-color:var(--awb-color8);--awb-background-color:var(--awb-color2);--awb-divider-color:var(--awb-color5);--awb-divider-hover-color:var(--awb-custom_color_2);--awb-icon-color:var(--awb-color1);--awb-title-color:var(--awb-color8);--awb-content-color:var(--awb-color8);--awb-icon-box-color:var(--awb-color8);--awb-toggle-hover-accent-color:var(--awb-custom_color_2);--awb-toggle-active-accent-color:var(--awb-custom_color_2);--awb-title-font-family:&quot;Shentox Bold&quot;;--awb-title-font-weight:400;--awb-title-font-style:normal;--awb-title-font-size:22px;--awb-title-letter-spacing:0.08rem;--awb-title-line-height:1.35;--awb-content-font-family:var(--awb-typography4-font-family);--awb-content-font-weight:var(--awb-typography4-font-weight);--awb-content-font-style:var(--awb-typography4-font-style);\"><div class=\"panel-group fusion-toggle-icon-boxed\" id=\"accordion-5433-1\"><div class=\"fusion-panel panel-default panel-001ac480647987a5a fusion-toggle-no-divider fusion-toggle-boxed-mode\" style=\"--awb-title-color:var(--awb-color8);--awb-content-color:var(--awb-color8);\"><div class=\"panel-heading\"><h2 class=\"panel-title toggle\" id=\"toggle_001ac480647987a5a\"><a aria-expanded=\"false\" aria-controls=\"001ac480647987a5a\" role=\"button\" data-toggle=\"collapse\" data-parent=\"#accordion-5433-1\" data-target=\"#001ac480647987a5a\" href=\"#001ac480647987a5a\"><span class=\"fusion-toggle-icon-wrapper\" aria-hidden=\"true\"><i class=\"fa-fusion-box active-icon awb-icon-minus\" aria-hidden=\"true\"><\/i><i class=\"fa-fusion-box inactive-icon awb-icon-plus\" aria-hidden=\"true\"><\/i><\/span><span class=\"fusion-toggle-heading\">Biografia<\/span><\/a><\/h2><\/div><div id=\"001ac480647987a5a\" class=\"panel-collapse collapse \" aria-labelledby=\"toggle_001ac480647987a5a\"><div class=\"panel-body toggle-content fusion-clearfix\">\n<p>Nasce a Reggio Emilia nel 1960. Fin da piccolo si occupa di fotografia. Nel 1985, dopo aver visitato alcune esposizioni programmate per l&#8217;Anno degli Etruschi, progetta e realizza un lavoro di &#8220;scavo visivo&#8221; nei luoghi, citt\u00e0 e necropoli della civilt\u00e0 etrusca (in Emilia Romagna, Lazio, Toscana e Umbria); nel 1999, in occasione dell&#8217;esposizione delle sue fotografie al Mus\u00e9e Reattu di Arles, Federico Motta Editore pubblica il volume Etruria. Nel 1992 riceve l&#8217;incarico di fotografare i reperti della collezione archeologica conservati nel Cortile e nella Galleria dei Marmi dei Musei Civici di Reggio Emilia. Da questa prima serie di immagini commissionate prende l&#8217;avvio una lunga ricerca sull&#8217;Anatomia del Tempo, condotta in musei e siti archeologici in Italia e in Europa (Arles, Berlino, Bologna, Brescia, Grosseto, Nizza, Parma, Roma, Torino). Nel 1995 inizia una serie di foto &#8211; Il Giardino di Borges &#8211; sul tema del rapporto tra reale e irreale, avente come soggetto le collezioni conservate nelle sale delle raccolte zoologiche di musei italiani (Reggio Emilia, Ferrara, Modena, Torino e Museo della Specola di Firenze). Dal 1994 al 1996 fotografa la citt\u00e0 francese di Arles. Nel 1997, su incarico del Mus\u00e9e Arch\u00e9ologique di Nice-Cimiez, realizza un servizio sul sito locale. Nel 1998 la provincia di Reggio Emilia, nell&#8217;ambito degli scambi culturali previsti nel programma di gemellaggio con quella dell&#8217;Enzkreis in Germania, lo invita a fotografare il monastero cistercense di Maulbronn. Nel 1999 inizia una campagna per immagini sul Palazzo Ducale di Sassuolo che termina nel 2002, anno in cui inizia a lavorare con Fabrizio Orsi, a un progetto su Luzzara a cinquant&#8217;anni esatti dalla pubblicazione del libro Un Paese di Cesare Zavattini e Paul Strand. Alla fine del 2004 viene presentato il volume Luzzara. Cinquant&#8217;anni e pi\u00f9&#8230; edito da Skira Editore con un testo di Luciano Ligabue. Ha esposto in personali e collettive in varie citt\u00e0 d&#8217;Europa dove sue fotografie sono conservate presso musei e istituzioni.<\/p>\n<\/div><\/div><\/div><\/div><\/div><\/div><\/div><div class=\"fusion-layout-column fusion_builder_column fusion-builder-column-2 fusion_builder_column_1_4 1_4 fusion-flex-column\" style=\"--awb-bg-size:cover;--awb-width-large:25%;--awb-margin-top-large:0px;--awb-spacing-right-large:7.68%;--awb-margin-bottom-large:20px;--awb-spacing-left-large:7.68%;--awb-width-medium:25%;--awb-order-medium:0;--awb-spacing-right-medium:7.68%;--awb-spacing-left-medium:7.68%;--awb-width-small:100%;--awb-order-small:0;--awb-spacing-right-small:1.92%;--awb-spacing-left-small:1.92%;\"><div class=\"fusion-column-wrapper fusion-column-has-shadow fusion-flex-justify-content-flex-start fusion-content-layout-column\"><div ><a class=\"fusion-button button-flat fusion-button-default-size button-custom fusion-button-default button-1 fusion-button-span-yes fusion-button-default-type\" style=\"--awb-margin-bottom:2rem;--button_accent_color:var(--awb-color1);--button_border_color:var(--awb-custom_color_2);--button_accent_hover_color:var(--awb-color1);--button_border_hover_color:var(--awb-color8);--button_gradient_top_color:var(--awb-custom_color_2);--button_gradient_bottom_color:var(--awb-custom_color_2);--button_gradient_top_color_hover:var(--awb-color8);--button_gradient_bottom_color_hover:var(--awb-color8);\" target=\"_self\" data-hover=\"icon_slide\" href=\"https:\/\/www.fotografiaeuropea.it\/archivio\/archivio-edizioni-di-fotografia-europea\/fotografia-europea-2007\"><span class=\"fusion-button-text awb-button__text awb-button__text--default\">Edizione 2007<\/span><i class=\"icon-dance-arrow awb-button__icon awb-button__icon--default button-icon-right\" aria-hidden=\"true\"><\/i><\/a><\/div><div class=\"fusion-text fusion-text-3\"><h3>Sede<\/h3>\n<p>..<\/p>\n<\/div><\/div><\/div><\/div><\/div>\n","protected":false},"excerpt":{"rendered":"","protected":false},"author":1,"featured_media":5734,"menu_order":0,"comment_status":"closed","ping_status":"closed","template":"","format":"standard","meta":{"footnotes":""},"portfolio_category":[],"portfolio_skills":[],"portfolio_tags":[33],"class_list":["post-5433","avada_portfolio","type-avada_portfolio","status-publish","format-standard","has-post-thumbnail","hentry","portfolio_tags-33"],"_links":{"self":[{"href":"https:\/\/www.fotografiaeuropea.it\/archivio\/wp-json\/wp\/v2\/avada_portfolio\/5433","targetHints":{"allow":["GET"]}}],"collection":[{"href":"https:\/\/www.fotografiaeuropea.it\/archivio\/wp-json\/wp\/v2\/avada_portfolio"}],"about":[{"href":"https:\/\/www.fotografiaeuropea.it\/archivio\/wp-json\/wp\/v2\/types\/avada_portfolio"}],"author":[{"embeddable":true,"href":"https:\/\/www.fotografiaeuropea.it\/archivio\/wp-json\/wp\/v2\/users\/1"}],"replies":[{"embeddable":true,"href":"https:\/\/www.fotografiaeuropea.it\/archivio\/wp-json\/wp\/v2\/comments?post=5433"}],"version-history":[{"count":4,"href":"https:\/\/www.fotografiaeuropea.it\/archivio\/wp-json\/wp\/v2\/avada_portfolio\/5433\/revisions"}],"predecessor-version":[{"id":5735,"href":"https:\/\/www.fotografiaeuropea.it\/archivio\/wp-json\/wp\/v2\/avada_portfolio\/5433\/revisions\/5735"}],"wp:featuredmedia":[{"embeddable":true,"href":"https:\/\/www.fotografiaeuropea.it\/archivio\/wp-json\/wp\/v2\/media\/5734"}],"wp:attachment":[{"href":"https:\/\/www.fotografiaeuropea.it\/archivio\/wp-json\/wp\/v2\/media?parent=5433"}],"wp:term":[{"taxonomy":"portfolio_category","embeddable":true,"href":"https:\/\/www.fotografiaeuropea.it\/archivio\/wp-json\/wp\/v2\/portfolio_category?post=5433"},{"taxonomy":"portfolio_skills","embeddable":true,"href":"https:\/\/www.fotografiaeuropea.it\/archivio\/wp-json\/wp\/v2\/portfolio_skills?post=5433"},{"taxonomy":"portfolio_tags","embeddable":true,"href":"https:\/\/www.fotografiaeuropea.it\/archivio\/wp-json\/wp\/v2\/portfolio_tags?post=5433"}],"curies":[{"name":"wp","href":"https:\/\/api.w.org\/{rel}","templated":true}]}}